{"id":436,"date":"2025-04-21T13:22:58","date_gmt":"2025-04-21T11:22:58","guid":{"rendered":"https:\/\/amelia-beautyartist.es\/?page_id=436"},"modified":"2025-04-21T14:03:36","modified_gmt":"2025-04-21T12:03:36","slug":"accesibilidad","status":"publish","type":"page","link":"https:\/\/amelia-beautyartist.es\/en\/accesibilidad\/","title":{"rendered":""},"content":{"rendered":"\t\t<div data-elementor-type=\"wp-page\" data-elementor-id=\"436\" class=\"elementor elementor-436\" data-elementor-post-type=\"page\">\n\t\t\t\t<div class=\"elementor-element elementor-element-5280dfe8 e-flex e-con-boxed e-con e-parent\" data-id=\"5280dfe8\" data-element_type=\"container\" data-e-type=\"container\">\n\t\t\t\t\t<div class=\"e-con-inner\">\n\t\t\t\t<div class=\"elementor-element elementor-element-4dda2bd elementor-widget elementor-widget-heading\" data-id=\"4dda2bd\" data-element_type=\"widget\" data-e-type=\"widget\" data-widget_type=\"heading.default\">\n\t\t\t\t<div class=\"elementor-widget-container\">\n\t\t\t\t\t<div class=\"elementor-heading-title elementor-size-default\">Accesibilidad<\/div>\t\t\t\t<\/div>\n\t\t\t\t<\/div>\n\t\t\t\t<div class=\"elementor-element elementor-element-3ef8e1bd elementor-widget elementor-widget-text-editor\" data-id=\"3ef8e1bd\" data-element_type=\"widget\" data-e-type=\"widget\" data-widget_type=\"text-editor.default\">\n\t\t\t\t<div class=\"elementor-widget-container\">\n\t\t\t\t\t\t\t\t\t\n<h2 class=\"wp-block-heading\">Declaraci\u00f3n de accesibilidad<\/h2>\n\n<p><strong>amelia-beautyartist.es<\/strong> web ostentada por <strong>ANGELA ARCAS TORICES<\/strong> se ha comprometido a hacer accesible su sitio web, de conformidad con el\u00a0<a href=\"http:\/\/www.boe.es\/diario_boe\/txt.php?id=BOE-A-2018-12699\"><strong>Real Decreto 1112\/2018, de 7 de septiembre<\/strong><\/a>, sobre accesibilidad de los sitios web y aplicaciones para dispositivos m\u00f3viles.<\/p>\n\n<p>La presente declaraci\u00f3n de accesibilidad se aplica al sitio web: <a href=\"https:\/\/amelia-beautyartist.es\/\">https:\/\/amelia-beautyartist.es\/<\/a><\/p>\n\n<h2 class=\"wp-block-heading\">Contenido no accesible<\/h2>\n\n<p>El contenido que se recoge a continuaci\u00f3n no es accesible por lo siguiente:<\/p>\n\n<ul class=\"wp-block-list\">\n<li>Falta de conformidad con el RD 1112\/2018<\/li>\n<\/ul>\n\n<p>Podr\u00edan existir algunos aspectos de contraste que no cumplan los m\u00ednimos exigidos, 3:1, con respecto a los colores adyacentes del fondo de la secci\u00f3n de la web en cuesti\u00f3n. [9.1.4.11 Contraste no textual]<\/p>\n\n<p>Podr\u00edan existir algunos elementos no textuales no etiquetados correctamente [2.5.3 Etiqueta en el nombre] y [4.1.2 Nombre funci\u00f3n y valor]<\/p>\n\n<p>Los buscadores buscan autom\u00e1ticamente sin necesidad de ordenar ninguna acci\u00f3n por parte del usuario [3.2.2 Al recibir entradas]<\/p>\n\n<p>Podr\u00edan existir algunos textos en otro idioma no etiquetados correctamente [3.1.2 Idioma de las partes]<\/p>\n\n<p>Podr\u00edan existir errores de c\u00f3digo puntuales de edici\u00f3n en alguna p\u00e1gina web. [4.1.1 Procesamiento]<\/p>\n\n<ul class=\"wp-block-list\">\n<li>Carga desproporcionada<\/li>\n<\/ul>\n\n<p>No aplica.<\/p>\n\n<ul class=\"wp-block-list\">\n<li>El contenido no entra dentro del \u00e1mbito de la legislaci\u00f3n aplicable<\/li>\n<\/ul>\n\n<p>Podr\u00edan existir archivos ofim\u00e1ticos en PDF u otros formatos publicados antes del 20 de septiembre de 2018 que no cumplan en su totalidad todos los requisitos de accesibilidad. Aunque se ha procurado que la mayor\u00eda de ellos s\u00ed lo cumplan.<\/p>\n\n<h2 class=\"wp-block-heading\">Preparaci\u00f3n de la declaraci\u00f3n de accesibilidad<\/h2>\n\n<p>La presente declaraci\u00f3n fue preparada el 02 de Febrero de 2023.<\/p>\n\n<p>El m\u00e9todo empleado para preparar la declaraci\u00f3n ha sido una autoevaluaci\u00f3n llevada a cabo por Centro MiPC.<\/p>\n\n<h2 class=\"wp-block-heading\">Observaciones y datos de contacto<\/h2>\n\n<p>Puede realizar comunicaciones sobre requisitos de accesibilidad (articulo 10.2.a del RD 1112\/2018) como por ejemplo:<\/p>\n\n<ul class=\"wp-block-list\">\n<li>Informar sobre cualquier posible incumplimiento por parte de este sitio web<\/li>\n\n<li>Transmitir otras dificultades de acceso al contenido<\/li>\n\n<li>Formular cualquier otra consulta o sugerencia de mejora relativa a la accesibilidad del sitio web<\/li>\n<\/ul>\n\n<p>A trav\u00e9s del n\u00famero de tel\u00e9fono +34 692181450<\/p>\n\n<p>Puede presentar:<\/p>\n\n<ul class=\"wp-block-list\">\n<li><strong>Queja\u00a0<\/strong>relativa al cumplimiento de los requisitos del RD 1112\/2018 o<\/li>\n\n<li><strong>Solicitud de Informaci\u00f3n accesible<\/strong>\u00a0relativa a:<\/li>\n<\/ul>\n\n<p>Contenidos\u00a0que est\u00e1n\u00a0excluidos\u00a0del\u00a0\u00e1mbito de aplicaci\u00f3n\u00a0del RD 1112\/2018 seg\u00fan lo establecido por el art\u00edculo 3, apartado 4<\/p>\n\n<p>Contenidos\u00a0que est\u00e1n\u00a0exentos\u00a0del\u00a0cumplimiento\u00a0de los requisitos de accesibilidad por imponer una\u00a0carga desproporcionada.<\/p>\n\n<p>En la Solicitud de informaci\u00f3n accesible, se debe concretar, con toda claridad, los hechos, razones y petici\u00f3n que permitan constatar que se trata de una solicitud razonable y leg\u00edtima.<\/p>\n\n<h2 class=\"wp-block-heading\">Procedimiento y reclamaciones<\/h2>\n\n<p>Si una vez realizada una solicitud de informaci\u00f3n accesible o queja, \u00e9sta hubiera sido desestimada, no se estuviera de acuerdo con la decisi\u00f3n adoptada, o la respuesta no cumpliera los requisitos contemplados en el art\u00edculo 12.5, la persona interesada podr\u00e1 iniciar una reclamaci\u00f3n. Igualmente se podr\u00e1 iniciar una reclamaci\u00f3n en el caso de que haya transcurrido el plazo de veinte d\u00edas h\u00e1biles sin haber obtenido respuesta.<\/p>\n\n<h2 class=\"wp-block-heading\">Medidas adoptadas en materia de accesibilidad<\/h2>\n\n<p>Como parte de nuestro compromiso de brindar un servicio igualitario a todos los clientes y usuarios, se tomaron las siguientes medidas (entre varias otras) para hacer que nuestro sitio web principal sea m\u00e1s accesible:<\/p>\n\n<ul class=\"wp-block-list\">\n<li><strong>Navegadores est\u00e1ndar<\/strong>\u00a0: nuestro sitio web es compatible con navegadores est\u00e1ndar y populares (como Chrome, Firefox, Edge, Safari), en su \u00faltima versi\u00f3n.<\/li>\n\n<li><strong>Ampliaci\u00f3n de la visualizaci\u00f3n del sitio web<\/strong>\u00a0: los usuarios que deseen ampliar la visualizaci\u00f3n del sitio pueden hacerlo presionando simult\u00e1neamente las teclas \u00abCtrl\u00bb y \u00ab+\u00bb (Control y M\u00e1s, o Comando y M\u00e1s si el usuario usa macOS);\u00a0Cada clic en estas teclas ampliar\u00e1 la pantalla en un 10%;\u00a0Para reducir el tama\u00f1o de la pantalla, presione \u00abCtrl\u00bb y \u00ab-\u00bb (Control y Menos) simult\u00e1neamente.<\/li>\n\n<li><strong>Navegaci\u00f3n con teclado<\/strong>\u00a0: nuestros usuarios pueden navegar por el sitio usando un teclado: al presionar repetidamente la tecla Tabulador, se mover\u00e1 entre los diversos enlaces de la p\u00e1gina.\u00a0Al presionar \u00abEnter\u00bb se iniciar\u00e1 el enlace seleccionado.<\/li>\n\n<li><strong>Tecnolog\u00eda de gesti\u00f3n de contenido<\/strong>: Toda la web esta gestionada a trav\u00e9s de WordPress. WordPress intenta hacer que la administraci\u00f3n y los temas pre-instalados cumplan el est\u00e1ndar WCAG 2.0 AA donde sea posible. M\u00e1s informaci\u00f3n en:\u00a0<a href=\"https:\/\/es.wordpress.org\/about\/accessibility\/\"><strong>https:\/\/es.wordpress.org\/about\/accessibility\/<\/strong><\/a>. amelia-beautyartist.es esta construida con el tema Astra, el cual\u00a0<a href=\"https:\/\/wpastra.com\/\"><strong>es accesible y sigue los est\u00e1ndares WCAG 2.0<\/strong><\/a>.<\/li>\n\n<li><strong>Herramientas de adaptaci\u00f3n de contenido:<\/strong>\u00a0Se ha a\u00f1adido una funcionalidad especifica dirigida a personas con diversidad funcional a trav\u00e9s de la instalaci\u00f3n de una barra de herramientas que permite adaptar ciertos par\u00e1metros a las necesidades del usuario: aumentar\/disminuir texto, establecer escala de grises, modificaci\u00f3n del contraste e incluso modificaci\u00f3n de la fuente.<\/li>\n<\/ul>\n\n<p>\u00a0<\/p>\n\t\t\t\t\t\t\t\t<\/div>\n\t\t\t\t<\/div>\n\t\t\t\t\t<\/div>\n\t\t\t\t<\/div>\n\t\t\t\t<\/div>\n\t\t","protected":false},"excerpt":{"rendered":"<p>Accesibilidad Declaraci\u00f3n de accesibilidad amelia-beautyartist.es web ostentada por ANGELA ARCAS TORICES se ha comprometido a hacer accesible su sitio web, de conformidad con el\u00a0Real Decreto 1112\/2018, de 7 de septiembre, sobre accesibilidad de los sitios web y aplicaciones para dispositivos m\u00f3viles. La presente declaraci\u00f3n de accesibilidad se aplica al sitio web: https:\/\/amelia-beautyartist.es\/ Contenido no accesible [&hellip;]<\/p>\n","protected":false},"author":1,"featured_media":0,"parent":0,"menu_order":0,"comment_status":"closed","ping_status":"closed","template":"","meta":{"footnotes":""},"class_list":["post-436","page","type-page","status-publish","hentry"],"yoast_head":"<!-- This site is optimized with the Yoast SEO plugin v27.5 - https:\/\/yoast.com\/product\/yoast-seo-wordpress\/ -->\n<title>Declaraci\u00f3n de accesibilidad<\/title>\n<meta name=\"robots\" content=\"index, follow, max-snippet:-1, max-image-preview:large, max-video-preview:-1\" \/>\n<link rel=\"canonical\" href=\"https:\/\/amelia-beautyartist.es\/en\/accesibilidad\/\" \/>\n<meta property=\"og:locale\" content=\"en_GB\" \/>\n<meta property=\"og:type\" content=\"article\" \/>\n<meta property=\"og:title\" content=\"Declaraci\u00f3n de accesibilidad\" \/>\n<meta property=\"og:description\" content=\"Accesibilidad Declaraci\u00f3n de accesibilidad amelia-beautyartist.es web ostentada por ANGELA ARCAS TORICES se ha comprometido a hacer accesible su sitio web, de conformidad con el\u00a0Real Decreto 1112\/2018, de 7 de septiembre, sobre accesibilidad de los sitios web y aplicaciones para dispositivos m\u00f3viles. La presente declaraci\u00f3n de accesibilidad se aplica al sitio web: https:\/\/amelia-beautyartist.es\/ Contenido no accesible [&hellip;]\" \/>\n<meta property=\"og:url\" content=\"https:\/\/amelia-beautyartist.es\/en\/accesibilidad\/\" \/>\n<meta property=\"og:site_name\" content=\"Amelia Cuadros | Maquilladora profesional en Priego de C\u00f3rdoba\" \/>\n<meta property=\"article:modified_time\" content=\"2025-04-21T12:03:36+00:00\" \/>\n<meta name=\"twitter:card\" content=\"summary_large_image\" \/>\n<meta name=\"twitter:label1\" content=\"Estimated reading time\" \/>\n\t<meta name=\"twitter:data1\" content=\"4 minutes\" \/>\n<script type=\"application\/ld+json\" class=\"yoast-schema-graph\">{\"@context\":\"https:\\\/\\\/schema.org\",\"@graph\":[{\"@type\":\"WebPage\",\"@id\":\"https:\\\/\\\/amelia-beautyartist.es\\\/accesibilidad\\\/\",\"url\":\"https:\\\/\\\/amelia-beautyartist.es\\\/accesibilidad\\\/\",\"name\":\"Declaraci\u00f3n de accesibilidad\",\"isPartOf\":{\"@id\":\"https:\\\/\\\/amelia-beautyartist.es\\\/#website\"},\"datePublished\":\"2025-04-21T11:22:58+00:00\",\"dateModified\":\"2025-04-21T12:03:36+00:00\",\"breadcrumb\":{\"@id\":\"https:\\\/\\\/amelia-beautyartist.es\\\/accesibilidad\\\/#breadcrumb\"},\"inLanguage\":\"en-GB\",\"potentialAction\":[{\"@type\":\"ReadAction\",\"target\":[\"https:\\\/\\\/amelia-beautyartist.es\\\/accesibilidad\\\/\"]}]},{\"@type\":\"BreadcrumbList\",\"@id\":\"https:\\\/\\\/amelia-beautyartist.es\\\/accesibilidad\\\/#breadcrumb\",\"itemListElement\":[{\"@type\":\"ListItem\",\"position\":1,\"name\":\"Portada\",\"item\":\"https:\\\/\\\/amelia-beautyartist.es\\\/\"},{\"@type\":\"ListItem\",\"position\":2,\"name\":\"Accesibilidad\"}]},{\"@type\":\"WebSite\",\"@id\":\"https:\\\/\\\/amelia-beautyartist.es\\\/#website\",\"url\":\"https:\\\/\\\/amelia-beautyartist.es\\\/\",\"name\":\"Amelia Cuadros | Maquilladora profesional | Maquillaje para bodas | Maquillaje para bautizos y comuniones\",\"description\":\"Servicios profesionales de maquillaje especializados en eventos sociales como bodas, bautizos, comuniones y sesiones fotogr\u00e1ficas\",\"publisher\":{\"@id\":\"https:\\\/\\\/amelia-beautyartist.es\\\/#\\\/schema\\\/person\\\/5e9d0e56857462ff32564e131ac1b37e\"},\"potentialAction\":[{\"@type\":\"SearchAction\",\"target\":{\"@type\":\"EntryPoint\",\"urlTemplate\":\"https:\\\/\\\/amelia-beautyartist.es\\\/?s={search_term_string}\"},\"query-input\":{\"@type\":\"PropertyValueSpecification\",\"valueRequired\":true,\"valueName\":\"search_term_string\"}}],\"inLanguage\":\"en-GB\"},{\"@type\":[\"Person\",\"Organization\"],\"@id\":\"https:\\\/\\\/amelia-beautyartist.es\\\/#\\\/schema\\\/person\\\/5e9d0e56857462ff32564e131ac1b37e\",\"name\":\"ameliacuadros\",\"image\":{\"@type\":\"ImageObject\",\"inLanguage\":\"en-GB\",\"@id\":\"https:\\\/\\\/amelia-beautyartist.es\\\/wp-content\\\/uploads\\\/2025\\\/04\\\/cropped-cropped-IMG_4044.png\",\"url\":\"https:\\\/\\\/amelia-beautyartist.es\\\/wp-content\\\/uploads\\\/2025\\\/04\\\/cropped-cropped-IMG_4044.png\",\"contentUrl\":\"https:\\\/\\\/amelia-beautyartist.es\\\/wp-content\\\/uploads\\\/2025\\\/04\\\/cropped-cropped-IMG_4044.png\",\"width\":428,\"height\":406,\"caption\":\"ameliacuadros\"},\"logo\":{\"@id\":\"https:\\\/\\\/amelia-beautyartist.es\\\/wp-content\\\/uploads\\\/2025\\\/04\\\/cropped-cropped-IMG_4044.png\"},\"sameAs\":[\"https:\\\/\\\/amelia-beautyartist.es\"]}]}<\/script>\n<!-- \/ Yoast SEO plugin. -->","yoast_head_json":{"title":"Declaraci\u00f3n de accesibilidad","robots":{"index":"index","follow":"follow","max-snippet":"max-snippet:-1","max-image-preview":"max-image-preview:large","max-video-preview":"max-video-preview:-1"},"canonical":"https:\/\/amelia-beautyartist.es\/en\/accesibilidad\/","og_locale":"en_GB","og_type":"article","og_title":"Declaraci\u00f3n de accesibilidad","og_description":"Accesibilidad Declaraci\u00f3n de accesibilidad amelia-beautyartist.es web ostentada por ANGELA ARCAS TORICES se ha comprometido a hacer accesible su sitio web, de conformidad con el\u00a0Real Decreto 1112\/2018, de 7 de septiembre, sobre accesibilidad de los sitios web y aplicaciones para dispositivos m\u00f3viles. La presente declaraci\u00f3n de accesibilidad se aplica al sitio web: https:\/\/amelia-beautyartist.es\/ Contenido no accesible [&hellip;]","og_url":"https:\/\/amelia-beautyartist.es\/en\/accesibilidad\/","og_site_name":"Amelia Cuadros | Maquilladora profesional en Priego de C\u00f3rdoba","article_modified_time":"2025-04-21T12:03:36+00:00","twitter_card":"summary_large_image","twitter_misc":{"Estimated reading time":"4 minutes"},"schema":{"@context":"https:\/\/schema.org","@graph":[{"@type":"WebPage","@id":"https:\/\/amelia-beautyartist.es\/accesibilidad\/","url":"https:\/\/amelia-beautyartist.es\/accesibilidad\/","name":"Declaraci\u00f3n de accesibilidad","isPartOf":{"@id":"https:\/\/amelia-beautyartist.es\/#website"},"datePublished":"2025-04-21T11:22:58+00:00","dateModified":"2025-04-21T12:03:36+00:00","breadcrumb":{"@id":"https:\/\/amelia-beautyartist.es\/accesibilidad\/#breadcrumb"},"inLanguage":"en-GB","potentialAction":[{"@type":"ReadAction","target":["https:\/\/amelia-beautyartist.es\/accesibilidad\/"]}]},{"@type":"BreadcrumbList","@id":"https:\/\/amelia-beautyartist.es\/accesibilidad\/#breadcrumb","itemListElement":[{"@type":"ListItem","position":1,"name":"Portada","item":"https:\/\/amelia-beautyartist.es\/"},{"@type":"ListItem","position":2,"name":"Accesibilidad"}]},{"@type":"WebSite","@id":"https:\/\/amelia-beautyartist.es\/#website","url":"https:\/\/amelia-beautyartist.es\/","name":"Amelia Cuadros | Maquilladora profesional | Maquillaje para bodas | Maquillaje para bautizos y comuniones","description":"Servicios profesionales de maquillaje especializados en eventos sociales como bodas, bautizos, comuniones y sesiones fotogr\u00e1ficas","publisher":{"@id":"https:\/\/amelia-beautyartist.es\/#\/schema\/person\/5e9d0e56857462ff32564e131ac1b37e"},"potentialAction":[{"@type":"SearchAction","target":{"@type":"EntryPoint","urlTemplate":"https:\/\/amelia-beautyartist.es\/?s={search_term_string}"},"query-input":{"@type":"PropertyValueSpecification","valueRequired":true,"valueName":"search_term_string"}}],"inLanguage":"en-GB"},{"@type":["Person","Organization"],"@id":"https:\/\/amelia-beautyartist.es\/#\/schema\/person\/5e9d0e56857462ff32564e131ac1b37e","name":"ameliacuadros","image":{"@type":"ImageObject","inLanguage":"en-GB","@id":"https:\/\/amelia-beautyartist.es\/wp-content\/uploads\/2025\/04\/cropped-cropped-IMG_4044.png","url":"https:\/\/amelia-beautyartist.es\/wp-content\/uploads\/2025\/04\/cropped-cropped-IMG_4044.png","contentUrl":"https:\/\/amelia-beautyartist.es\/wp-content\/uploads\/2025\/04\/cropped-cropped-IMG_4044.png","width":428,"height":406,"caption":"ameliacuadros"},"logo":{"@id":"https:\/\/amelia-beautyartist.es\/wp-content\/uploads\/2025\/04\/cropped-cropped-IMG_4044.png"},"sameAs":["https:\/\/amelia-beautyartist.es"]}]}},"_links":{"self":[{"href":"https:\/\/amelia-beautyartist.es\/en\/wp-json\/wp\/v2\/pages\/436","targetHints":{"allow":["GET"]}}],"collection":[{"href":"https:\/\/amelia-beautyartist.es\/en\/wp-json\/wp\/v2\/pages"}],"about":[{"href":"https:\/\/amelia-beautyartist.es\/en\/wp-json\/wp\/v2\/types\/page"}],"author":[{"embeddable":true,"href":"https:\/\/amelia-beautyartist.es\/en\/wp-json\/wp\/v2\/users\/1"}],"replies":[{"embeddable":true,"href":"https:\/\/amelia-beautyartist.es\/en\/wp-json\/wp\/v2\/comments?post=436"}],"version-history":[{"count":8,"href":"https:\/\/amelia-beautyartist.es\/en\/wp-json\/wp\/v2\/pages\/436\/revisions"}],"predecessor-version":[{"id":464,"href":"https:\/\/amelia-beautyartist.es\/en\/wp-json\/wp\/v2\/pages\/436\/revisions\/464"}],"wp:attachment":[{"href":"https:\/\/amelia-beautyartist.es\/en\/wp-json\/wp\/v2\/media?parent=436"}],"curies":[{"name":"wp","href":"https:\/\/api.w.org\/{rel}","templated":true}]}}