{"id":388,"date":"2025-04-21T11:57:09","date_gmt":"2025-04-21T09:57:09","guid":{"rendered":"https:\/\/amelia-beautyartist.es\/?page_id=388"},"modified":"2025-04-22T09:08:24","modified_gmt":"2025-04-22T07:08:24","slug":"preguntas-frecuentes","status":"publish","type":"page","link":"https:\/\/amelia-beautyartist.es\/en\/preguntas-frecuentes\/","title":{"rendered":"Preguntas frecuentes"},"content":{"rendered":"<div data-elementor-type=\"wp-page\" data-elementor-id=\"388\" class=\"elementor elementor-388\" data-elementor-post-type=\"page\">\n\t\t\t\t<div class=\"elementor-element elementor-element-218f4814 e-flex e-con-boxed e-con e-parent\" data-id=\"218f4814\" data-element_type=\"container\" data-e-type=\"container\" data-settings=\"{&quot;background_background&quot;:&quot;gradient&quot;}\">\n\t\t\t\t\t<div class=\"e-con-inner\">\n\t\t<div class=\"elementor-element elementor-element-3704172c e-flex e-con-boxed e-con e-child\" data-id=\"3704172c\" data-element_type=\"container\" data-e-type=\"container\">\n\t\t\t\t\t<div class=\"e-con-inner\">\n\t\t\t\t<div class=\"elementor-element elementor-element-429d8045 elementor-widget elementor-widget-heading\" data-id=\"429d8045\" data-element_type=\"widget\" data-e-type=\"widget\" data-widget_type=\"heading.default\">\n\t\t\t\t<div class=\"elementor-widget-container\">\n\t\t\t\t\t<h1 class=\"elementor-heading-title elementor-size-default\">Preguntas frecuentes<\/h1>\t\t\t\t<\/div>\n\t\t\t\t<\/div>\n\t\t\t\t<div class=\"elementor-element elementor-element-531b4199 elementor-widget elementor-widget-heading\" data-id=\"531b4199\" data-element_type=\"widget\" data-e-type=\"widget\" data-widget_type=\"heading.default\">\n\t\t\t\t<div class=\"elementor-widget-container\">\n\t\t\t\t\t<p class=\"elementor-heading-title elementor-size-default\">En esta secci\u00f3n encontrar\u00e1s respuestas a las preguntas m\u00e1s comunes sobre mis servicios de maquillaje profesional. Si a\u00fan tienes alguna duda o consulta que no se encuentre aqu\u00ed, no dudes en completar el formulario de contacto en la p\u00e1gina correspondiente. \u00a1Estar\u00e9 encantada de ayudarte!<\/p>\t\t\t\t<\/div>\n\t\t\t\t<\/div>\n\t\t\t\t\t<\/div>\n\t\t\t\t<\/div>\n\t\t\t\t\t<\/div>\n\t\t\t\t<\/div>\n\t\t<div class=\"elementor-element elementor-element-3031bbb3 e-flex e-con-boxed e-con e-parent\" data-id=\"3031bbb3\" data-element_type=\"container\" data-e-type=\"container\">\n\t\t\t\t\t<div class=\"e-con-inner\">\n\t\t<div class=\"elementor-element elementor-element-bcdcac4 e-flex e-con-boxed e-con e-child\" data-id=\"bcdcac4\" data-element_type=\"container\" data-e-type=\"container\">\n\t\t\t\t\t<div class=\"e-con-inner\">\n\t\t\t\t<div class=\"elementor-element elementor-element-4627fdfd elementor-widget elementor-widget-heading\" data-id=\"4627fdfd\" data-element_type=\"widget\" data-e-type=\"widget\" data-widget_type=\"heading.default\">\n\t\t\t\t<div class=\"elementor-widget-container\">\n\t\t\t\t\t<h6 class=\"elementor-heading-title elementor-size-default\">\u00bfTienes dudas?<\/h6>\t\t\t\t<\/div>\n\t\t\t\t<\/div>\n\t\t\t\t<div class=\"elementor-element elementor-element-144cef06 elementor-widget elementor-widget-heading\" data-id=\"144cef06\" data-element_type=\"widget\" data-e-type=\"widget\" data-widget_type=\"heading.default\">\n\t\t\t\t<div class=\"elementor-widget-container\">\n\t\t\t\t\t<h2 class=\"elementor-heading-title elementor-size-default\">Vamos aclararlas<\/h2>\t\t\t\t<\/div>\n\t\t\t\t<\/div>\n\t\t\t\t\t<\/div>\n\t\t\t\t<\/div>\n\t\t<div class=\"elementor-element elementor-element-2323340a e-con-full e-grid e-con e-child\" data-id=\"2323340a\" data-element_type=\"container\" data-e-type=\"container\">\n\t\t\t\t<div class=\"elementor-element elementor-element-662da67 elementor-widget elementor-widget-elementskit-accordion\" data-id=\"662da67\" data-element_type=\"widget\" data-e-type=\"widget\" data-widget_type=\"elementskit-accordion.default\">\n\t\t\t\t<div class=\"elementor-widget-container\">\n\t\t\t\t\t<div class=\"ekit-wid-con\" >\n        <div class=\"elementskit-accordion floating-style\" id=\"accordion-69f2723b9518d\">\n\n            \n                <div class=\"elementskit-card\">\n                    <div class=\"elementskit-card-header\" id=\"primaryHeading-0-662da67\">\n                        <a href=\"#collapse-fa361cd69f2723b9518d\" class=\"ekit-accordion--toggler elementskit-btn-link collapsed\" data-ekit-toggle=\"collapse\" data-target=\"#Collapse-fa361cd69f2723b9518d\" aria-expanded=\"false\" aria-controls=\"Collapse-fa361cd69f2723b9518d\">\n                                                            <div class=\"ekit_accordion_icon_left_group\">\n                                    <div class=\"ekit_accordion_normal_icon\">\n                                        <!-- Normal Icon -->\n                                        <i class=\"icon icon-tick\"><\/i>                                    <\/div>\n\n                                    <div class=\"ekit_accordion_active_icon\">\n                                        <!-- Active Icon -->\n\t\t\t\t\t\t\t\t\t\t<i class=\"icon icon-tick\"><\/i>                                    <\/div>\n                                <\/div>\n\n                            \n                            <span class=\"ekit-accordion-title\">Disponibilidad de d\u00edas<\/span>\n\n                            \n                                                    <\/a>\n                    <\/div>\n\n                    <div id=\"Collapse-fa361cd69f2723b9518d\" class=\"collapse\" aria-labelledby=\"primaryHeading-0-662da67\" data-parent=\"#accordion-69f2723b9518d\">\n\n                        <div class=\"elementskit-card-body ekit-accordion--content\">\n                            <p>Te recomiendo reservar con la mayor antelaci\u00f3n posible, especialmente en temporada alta de bodas (abril a octubre). Aun as\u00ed, siempre puedes consultarme para ver si tengo disponibilidad en la fecha que deseas.<\/p>                        <\/div>\n\n                    <\/div>\n\n                <\/div><!-- .elementskit-card END -->\n\n                \n                <div class=\"elementskit-card\">\n                    <div class=\"elementskit-card-header\" id=\"primaryHeading-1-662da67\">\n                        <a href=\"#collapse-0f7f57169f2723b9518d\" class=\"ekit-accordion--toggler elementskit-btn-link collapsed\" data-ekit-toggle=\"collapse\" data-target=\"#Collapse-0f7f57169f2723b9518d\" aria-expanded=\"false\" aria-controls=\"Collapse-0f7f57169f2723b9518d\">\n                                                            <div class=\"ekit_accordion_icon_left_group\">\n                                    <div class=\"ekit_accordion_normal_icon\">\n                                        <!-- Normal Icon -->\n                                        <i class=\"icon icon-tick\"><\/i>                                    <\/div>\n\n                                    <div class=\"ekit_accordion_active_icon\">\n                                        <!-- Active Icon -->\n\t\t\t\t\t\t\t\t\t\t<i class=\"icon icon-tick\"><\/i>                                    <\/div>\n                                <\/div>\n\n                            \n                            <span class=\"ekit-accordion-title\">Precios de maquillajes y cursos<\/span>\n\n                            \n                                                    <\/a>\n                    <\/div>\n\n                    <div id=\"Collapse-0f7f57169f2723b9518d\" class=\"collapse\" aria-labelledby=\"primaryHeading-1-662da67\" data-parent=\"#accordion-69f2723b9518d\">\n\n                        <div class=\"elementskit-card-body ekit-accordion--content\">\n                            <p class=\"\">Los precios var\u00edan seg\u00fan el tipo de servicio:<\/p><ul><li class=\"\"><p class=\"\"><strong>Maquillaje de novia<\/strong>: incluye prueba, asesoramiento y maquillaje el d\u00eda del evento.<\/p><\/li><li class=\"\"><p class=\"\"><strong>Invitadas, madrinas, sesiones, etc.<\/strong>: tarifas adaptadas seg\u00fan la ocasi\u00f3n.<\/p><\/li><li class=\"\"><p class=\"\"><strong>Cursos de automaquillaje<\/strong>: disponibles en formato individual o grupal.<br \/>Escr\u00edbeme y te enviar\u00e9 un dossier completo con toda la informaci\u00f3n.<\/p><\/li><\/ul>                        <\/div>\n\n                    <\/div>\n\n                <\/div><!-- .elementskit-card END -->\n\n                \n                <div class=\"elementskit-card\">\n                    <div class=\"elementskit-card-header\" id=\"primaryHeading-2-662da67\">\n                        <a href=\"#collapse-e2f4fbf69f2723b9518d\" class=\"ekit-accordion--toggler elementskit-btn-link collapsed\" data-ekit-toggle=\"collapse\" data-target=\"#Collapse-e2f4fbf69f2723b9518d\" aria-expanded=\"false\" aria-controls=\"Collapse-e2f4fbf69f2723b9518d\">\n                                                            <div class=\"ekit_accordion_icon_left_group\">\n                                    <div class=\"ekit_accordion_normal_icon\">\n                                        <!-- Normal Icon -->\n                                        <i class=\"icon icon-tick\"><\/i>                                    <\/div>\n\n                                    <div class=\"ekit_accordion_active_icon\">\n                                        <!-- Active Icon -->\n\t\t\t\t\t\t\t\t\t\t<i class=\"icon icon-tick\"><\/i>                                    <\/div>\n                                <\/div>\n\n                            \n                            <span class=\"ekit-accordion-title\">Formas de pago disponibles<\/span>\n\n                            \n                                                    <\/a>\n                    <\/div>\n\n                    <div id=\"Collapse-e2f4fbf69f2723b9518d\" class=\"collapse\" aria-labelledby=\"primaryHeading-2-662da67\" data-parent=\"#accordion-69f2723b9518d\">\n\n                        <div class=\"elementskit-card-body ekit-accordion--content\">\n                            <p>Puedes realizar el pago mediante <strong>Bizum, transferencia bancaria o efectivo<\/strong>. Para servicios de novia, se solicita una se\u00f1al para asegurar tu fecha y el resto se abona el d\u00eda del evento.<\/p>                        <\/div>\n\n                    <\/div>\n\n                <\/div><!-- .elementskit-card END -->\n\n                \n                <div class=\"elementskit-card\">\n                    <div class=\"elementskit-card-header\" id=\"primaryHeading-3-662da67\">\n                        <a href=\"#collapse-fcf618269f2723b9518d\" class=\"ekit-accordion--toggler elementskit-btn-link collapsed\" data-ekit-toggle=\"collapse\" data-target=\"#Collapse-fcf618269f2723b9518d\" aria-expanded=\"false\" aria-controls=\"Collapse-fcf618269f2723b9518d\">\n                                                            <div class=\"ekit_accordion_icon_left_group\">\n                                    <div class=\"ekit_accordion_normal_icon\">\n                                        <!-- Normal Icon -->\n                                        <i class=\"icon icon-tick\"><\/i>                                    <\/div>\n\n                                    <div class=\"ekit_accordion_active_icon\">\n                                        <!-- Active Icon -->\n\t\t\t\t\t\t\t\t\t\t<i class=\"icon icon-tick\"><\/i>                                    <\/div>\n                                <\/div>\n\n                            \n                            <span class=\"ekit-accordion-title\">\u00bfCon cuanta antelaci\u00f3n debo coger una fecha de maquillaje de novia?<\/span>\n\n                            \n                                                    <\/a>\n                    <\/div>\n\n                    <div id=\"Collapse-fcf618269f2723b9518d\" class=\"collapse\" aria-labelledby=\"primaryHeading-3-662da67\" data-parent=\"#accordion-69f2723b9518d\">\n\n                        <div class=\"elementskit-card-body ekit-accordion--content\">\n                            <p>Lo ideal es reservar <strong>entre 6 y 12 meses de antelaci\u00f3n<\/strong>. Esto permite realizar la prueba con calma, organizar detalles y garantizar disponibilidad. Si tu boda es en temporada baja o entre semana, podemos agendar con menos margen.<\/p>                        <\/div>\n\n                    <\/div>\n\n                <\/div><!-- .elementskit-card END -->\n\n                                        <\/div>\n    <\/div>\t\t\t\t<\/div>\n\t\t\t\t<\/div>\n\t\t\t\t<div class=\"elementor-element elementor-element-f44f2cc elementor-widget elementor-widget-elementskit-accordion\" data-id=\"f44f2cc\" data-element_type=\"widget\" data-e-type=\"widget\" data-widget_type=\"elementskit-accordion.default\">\n\t\t\t\t<div class=\"elementor-widget-container\">\n\t\t\t\t\t<div class=\"ekit-wid-con\" >\n        <div class=\"elementskit-accordion floating-style\" id=\"accordion-69f2723b95b19\">\n\n            \n                <div class=\"elementskit-card\">\n                    <div class=\"elementskit-card-header\" id=\"primaryHeading-0-f44f2cc\">\n                        <a href=\"#collapse-fa361cd69f2723b95b19\" class=\"ekit-accordion--toggler elementskit-btn-link collapsed\" data-ekit-toggle=\"collapse\" data-target=\"#Collapse-fa361cd69f2723b95b19\" aria-expanded=\"false\" aria-controls=\"Collapse-fa361cd69f2723b95b19\">\n                                                            <div class=\"ekit_accordion_icon_left_group\">\n                                    <div class=\"ekit_accordion_normal_icon\">\n                                        <!-- Normal Icon -->\n                                        <i class=\"icon icon-tick\"><\/i>                                    <\/div>\n\n                                    <div class=\"ekit_accordion_active_icon\">\n                                        <!-- Active Icon -->\n\t\t\t\t\t\t\t\t\t\t<i class=\"icon icon-tick\"><\/i>                                    <\/div>\n                                <\/div>\n\n                            \n                            <span class=\"ekit-accordion-title\">Reservas o deposito previo al servicio para reservar fecha<\/span>\n\n                            \n                                                    <\/a>\n                    <\/div>\n\n                    <div id=\"Collapse-fa361cd69f2723b95b19\" class=\"collapse\" aria-labelledby=\"primaryHeading-0-f44f2cc\" data-parent=\"#accordion-69f2723b95b19\">\n\n                        <div class=\"elementskit-card-body ekit-accordion--content\">\n                            <p>S\u00ed, para reservar tu fecha y asegurar la disponibilidad, se requiere un dep\u00f3sito previo al servicio.<\/p>                        <\/div>\n\n                    <\/div>\n\n                <\/div><!-- .elementskit-card END -->\n\n                \n                <div class=\"elementskit-card\">\n                    <div class=\"elementskit-card-header\" id=\"primaryHeading-1-f44f2cc\">\n                        <a href=\"#collapse-0f7f57169f2723b95b19\" class=\"ekit-accordion--toggler elementskit-btn-link collapsed\" data-ekit-toggle=\"collapse\" data-target=\"#Collapse-0f7f57169f2723b95b19\" aria-expanded=\"false\" aria-controls=\"Collapse-0f7f57169f2723b95b19\">\n                                                            <div class=\"ekit_accordion_icon_left_group\">\n                                    <div class=\"ekit_accordion_normal_icon\">\n                                        <!-- Normal Icon -->\n                                        <i class=\"icon icon-tick\"><\/i>                                    <\/div>\n\n                                    <div class=\"ekit_accordion_active_icon\">\n                                        <!-- Active Icon -->\n\t\t\t\t\t\t\t\t\t\t<i class=\"icon icon-tick\"><\/i>                                    <\/div>\n                                <\/div>\n\n                            \n                            <span class=\"ekit-accordion-title\">Desplazamiento fuera de la zona de Priego de Cordoba<\/span>\n\n                            \n                                                    <\/a>\n                    <\/div>\n\n                    <div id=\"Collapse-0f7f57169f2723b95b19\" class=\"collapse\" aria-labelledby=\"primaryHeading-1-f44f2cc\" data-parent=\"#accordion-69f2723b95b19\">\n\n                        <div class=\"elementskit-card-body ekit-accordion--content\">\n                            <p class=\"\">S\u00ed, ofrezco desplazamiento fuera de la zona de Priego de C\u00f3rdoba. Para poder agendar la cita y coordinar el desplazamiento, te agradecer\u00eda que me contactaras con varios d\u00edas de anticipaci\u00f3n.<\/p>                        <\/div>\n\n                    <\/div>\n\n                <\/div><!-- .elementskit-card END -->\n\n                \n                <div class=\"elementskit-card\">\n                    <div class=\"elementskit-card-header\" id=\"primaryHeading-2-f44f2cc\">\n                        <a href=\"#collapse-e2f4fbf69f2723b95b19\" class=\"ekit-accordion--toggler elementskit-btn-link collapsed\" data-ekit-toggle=\"collapse\" data-target=\"#Collapse-e2f4fbf69f2723b95b19\" aria-expanded=\"false\" aria-controls=\"Collapse-e2f4fbf69f2723b95b19\">\n                                                            <div class=\"ekit_accordion_icon_left_group\">\n                                    <div class=\"ekit_accordion_normal_icon\">\n                                        <!-- Normal Icon -->\n                                        <i class=\"icon icon-tick\"><\/i>                                    <\/div>\n\n                                    <div class=\"ekit_accordion_active_icon\">\n                                        <!-- Active Icon -->\n\t\t\t\t\t\t\t\t\t\t<i class=\"icon icon-tick\"><\/i>                                    <\/div>\n                                <\/div>\n\n                            \n                            <span class=\"ekit-accordion-title\">Marcas con las que trabajo<\/span>\n\n                            \n                                                    <\/a>\n                    <\/div>\n\n                    <div id=\"Collapse-e2f4fbf69f2723b95b19\" class=\"collapse\" aria-labelledby=\"primaryHeading-2-f44f2cc\" data-parent=\"#accordion-69f2723b95b19\">\n\n                        <div class=\"elementskit-card-body ekit-accordion--content\">\n                            <p>Como maquilladora profesional, tengo acceso a descuentos exclusivos en diversas marcas de renombre dentro del mundo <em>beauty<\/em>. Si bien no estoy afiliada directamente a ninguna marca espec\u00edfica, utilizo una cuidada selecci\u00f3n de productos de alta calidad, algunos de los cuales han sido destacados en plataformas de venta de maquillaje online, para asegurar resultados impecables y duraderos.<\/p>                        <\/div>\n\n                    <\/div>\n\n                <\/div><!-- .elementskit-card END -->\n\n                                        <\/div>\n    <\/div>\t\t\t\t<\/div>\n\t\t\t\t<\/div>\n\t\t\t\t<\/div>\n\t\t\t\t\t<\/div>\n\t\t\t\t<\/div>\n\t\t\t\t<\/div>","protected":false},"excerpt":{"rendered":"<p>En esta secci\u00f3n encontrar\u00e1s respuestas a las preguntas m\u00e1s comunes sobre mis servicios de maquillaje profesional. Si a\u00fan tienes alguna duda o consulta que no se encuentre aqu\u00ed, no dudes en completar el formulario de contacto en la p\u00e1gina correspondiente. \u00a1Estar\u00e9 encantada de ayudarte! \u00bfTienes dudas? Vamos aclararlas Disponibilidad de d\u00edas Te recomiendo reservar con [&hellip;]<\/p>\n","protected":false},"author":1,"featured_media":0,"parent":0,"menu_order":0,"comment_status":"closed","ping_status":"closed","template":"elementor_header_footer","meta":{"footnotes":""},"class_list":["post-388","page","type-page","status-publish","hentry"],"yoast_head":"<!-- This site is optimized with the Yoast SEO plugin v27.5 - https:\/\/yoast.com\/product\/yoast-seo-wordpress\/ -->\n<title>Preguntas frecuentes - Amelia Cuadros | Maquilladora profesional en Priego de C\u00f3rdoba<\/title>\n<meta name=\"robots\" content=\"index, follow, max-snippet:-1, max-image-preview:large, max-video-preview:-1\" \/>\n<link rel=\"canonical\" href=\"https:\/\/amelia-beautyartist.es\/en\/preguntas-frecuentes\/\" \/>\n<meta property=\"og:locale\" content=\"en_GB\" \/>\n<meta property=\"og:type\" content=\"article\" \/>\n<meta property=\"og:title\" content=\"Preguntas frecuentes - Amelia Cuadros | Maquilladora profesional en Priego de C\u00f3rdoba\" \/>\n<meta property=\"og:description\" content=\"En esta secci\u00f3n encontrar\u00e1s respuestas a las preguntas m\u00e1s comunes sobre mis servicios de maquillaje profesional. Si a\u00fan tienes alguna duda o consulta que no se encuentre aqu\u00ed, no dudes en completar el formulario de contacto en la p\u00e1gina correspondiente. \u00a1Estar\u00e9 encantada de ayudarte! \u00bfTienes dudas? Vamos aclararlas Disponibilidad de d\u00edas Te recomiendo reservar con [&hellip;]\" \/>\n<meta property=\"og:url\" content=\"https:\/\/amelia-beautyartist.es\/en\/preguntas-frecuentes\/\" \/>\n<meta property=\"og:site_name\" content=\"Amelia Cuadros | Maquilladora profesional en Priego de C\u00f3rdoba\" \/>\n<meta property=\"article:modified_time\" content=\"2025-04-22T07:08:24+00:00\" \/>\n<meta name=\"twitter:card\" content=\"summary_large_image\" \/>\n<meta name=\"twitter:label1\" content=\"Estimated reading time\" \/>\n\t<meta name=\"twitter:data1\" content=\"2 minutes\" \/>\n<script type=\"application\/ld+json\" class=\"yoast-schema-graph\">{\"@context\":\"https:\\\/\\\/schema.org\",\"@graph\":[{\"@type\":\"WebPage\",\"@id\":\"https:\\\/\\\/amelia-beautyartist.es\\\/preguntas-frecuentes\\\/\",\"url\":\"https:\\\/\\\/amelia-beautyartist.es\\\/preguntas-frecuentes\\\/\",\"name\":\"Preguntas frecuentes - Amelia Cuadros | Maquilladora profesional en Priego de C\u00f3rdoba\",\"isPartOf\":{\"@id\":\"https:\\\/\\\/amelia-beautyartist.es\\\/#website\"},\"datePublished\":\"2025-04-21T09:57:09+00:00\",\"dateModified\":\"2025-04-22T07:08:24+00:00\",\"breadcrumb\":{\"@id\":\"https:\\\/\\\/amelia-beautyartist.es\\\/preguntas-frecuentes\\\/#breadcrumb\"},\"inLanguage\":\"en-GB\",\"potentialAction\":[{\"@type\":\"ReadAction\",\"target\":[\"https:\\\/\\\/amelia-beautyartist.es\\\/preguntas-frecuentes\\\/\"]}]},{\"@type\":\"BreadcrumbList\",\"@id\":\"https:\\\/\\\/amelia-beautyartist.es\\\/preguntas-frecuentes\\\/#breadcrumb\",\"itemListElement\":[{\"@type\":\"ListItem\",\"position\":1,\"name\":\"Portada\",\"item\":\"https:\\\/\\\/amelia-beautyartist.es\\\/\"},{\"@type\":\"ListItem\",\"position\":2,\"name\":\"Preguntas frecuentes\"}]},{\"@type\":\"WebSite\",\"@id\":\"https:\\\/\\\/amelia-beautyartist.es\\\/#website\",\"url\":\"https:\\\/\\\/amelia-beautyartist.es\\\/\",\"name\":\"Amelia Cuadros | Maquilladora profesional | Maquillaje para bodas | Maquillaje para bautizos y comuniones\",\"description\":\"Servicios profesionales de maquillaje especializados en eventos sociales como bodas, bautizos, comuniones y sesiones fotogr\u00e1ficas\",\"publisher\":{\"@id\":\"https:\\\/\\\/amelia-beautyartist.es\\\/#\\\/schema\\\/person\\\/5e9d0e56857462ff32564e131ac1b37e\"},\"potentialAction\":[{\"@type\":\"SearchAction\",\"target\":{\"@type\":\"EntryPoint\",\"urlTemplate\":\"https:\\\/\\\/amelia-beautyartist.es\\\/?s={search_term_string}\"},\"query-input\":{\"@type\":\"PropertyValueSpecification\",\"valueRequired\":true,\"valueName\":\"search_term_string\"}}],\"inLanguage\":\"en-GB\"},{\"@type\":[\"Person\",\"Organization\"],\"@id\":\"https:\\\/\\\/amelia-beautyartist.es\\\/#\\\/schema\\\/person\\\/5e9d0e56857462ff32564e131ac1b37e\",\"name\":\"ameliacuadros\",\"image\":{\"@type\":\"ImageObject\",\"inLanguage\":\"en-GB\",\"@id\":\"https:\\\/\\\/amelia-beautyartist.es\\\/wp-content\\\/uploads\\\/2025\\\/04\\\/cropped-cropped-IMG_4044.png\",\"url\":\"https:\\\/\\\/amelia-beautyartist.es\\\/wp-content\\\/uploads\\\/2025\\\/04\\\/cropped-cropped-IMG_4044.png\",\"contentUrl\":\"https:\\\/\\\/amelia-beautyartist.es\\\/wp-content\\\/uploads\\\/2025\\\/04\\\/cropped-cropped-IMG_4044.png\",\"width\":428,\"height\":406,\"caption\":\"ameliacuadros\"},\"logo\":{\"@id\":\"https:\\\/\\\/amelia-beautyartist.es\\\/wp-content\\\/uploads\\\/2025\\\/04\\\/cropped-cropped-IMG_4044.png\"},\"sameAs\":[\"https:\\\/\\\/amelia-beautyartist.es\"]}]}<\/script>\n<!-- \/ Yoast SEO plugin. -->","yoast_head_json":{"title":"Preguntas frecuentes - Amelia Cuadros | Maquilladora profesional en Priego de C\u00f3rdoba","robots":{"index":"index","follow":"follow","max-snippet":"max-snippet:-1","max-image-preview":"max-image-preview:large","max-video-preview":"max-video-preview:-1"},"canonical":"https:\/\/amelia-beautyartist.es\/en\/preguntas-frecuentes\/","og_locale":"en_GB","og_type":"article","og_title":"Preguntas frecuentes - Amelia Cuadros | Maquilladora profesional en Priego de C\u00f3rdoba","og_description":"En esta secci\u00f3n encontrar\u00e1s respuestas a las preguntas m\u00e1s comunes sobre mis servicios de maquillaje profesional. Si a\u00fan tienes alguna duda o consulta que no se encuentre aqu\u00ed, no dudes en completar el formulario de contacto en la p\u00e1gina correspondiente. \u00a1Estar\u00e9 encantada de ayudarte! \u00bfTienes dudas? Vamos aclararlas Disponibilidad de d\u00edas Te recomiendo reservar con [&hellip;]","og_url":"https:\/\/amelia-beautyartist.es\/en\/preguntas-frecuentes\/","og_site_name":"Amelia Cuadros | Maquilladora profesional en Priego de C\u00f3rdoba","article_modified_time":"2025-04-22T07:08:24+00:00","twitter_card":"summary_large_image","twitter_misc":{"Estimated reading time":"2 minutes"},"schema":{"@context":"https:\/\/schema.org","@graph":[{"@type":"WebPage","@id":"https:\/\/amelia-beautyartist.es\/preguntas-frecuentes\/","url":"https:\/\/amelia-beautyartist.es\/preguntas-frecuentes\/","name":"Preguntas frecuentes - Amelia Cuadros | Maquilladora profesional en Priego de C\u00f3rdoba","isPartOf":{"@id":"https:\/\/amelia-beautyartist.es\/#website"},"datePublished":"2025-04-21T09:57:09+00:00","dateModified":"2025-04-22T07:08:24+00:00","breadcrumb":{"@id":"https:\/\/amelia-beautyartist.es\/preguntas-frecuentes\/#breadcrumb"},"inLanguage":"en-GB","potentialAction":[{"@type":"ReadAction","target":["https:\/\/amelia-beautyartist.es\/preguntas-frecuentes\/"]}]},{"@type":"BreadcrumbList","@id":"https:\/\/amelia-beautyartist.es\/preguntas-frecuentes\/#breadcrumb","itemListElement":[{"@type":"ListItem","position":1,"name":"Portada","item":"https:\/\/amelia-beautyartist.es\/"},{"@type":"ListItem","position":2,"name":"Preguntas frecuentes"}]},{"@type":"WebSite","@id":"https:\/\/amelia-beautyartist.es\/#website","url":"https:\/\/amelia-beautyartist.es\/","name":"Amelia Cuadros | Maquilladora profesional | Maquillaje para bodas | Maquillaje para bautizos y comuniones","description":"Servicios profesionales de maquillaje especializados en eventos sociales como bodas, bautizos, comuniones y sesiones fotogr\u00e1ficas","publisher":{"@id":"https:\/\/amelia-beautyartist.es\/#\/schema\/person\/5e9d0e56857462ff32564e131ac1b37e"},"potentialAction":[{"@type":"SearchAction","target":{"@type":"EntryPoint","urlTemplate":"https:\/\/amelia-beautyartist.es\/?s={search_term_string}"},"query-input":{"@type":"PropertyValueSpecification","valueRequired":true,"valueName":"search_term_string"}}],"inLanguage":"en-GB"},{"@type":["Person","Organization"],"@id":"https:\/\/amelia-beautyartist.es\/#\/schema\/person\/5e9d0e56857462ff32564e131ac1b37e","name":"ameliacuadros","image":{"@type":"ImageObject","inLanguage":"en-GB","@id":"https:\/\/amelia-beautyartist.es\/wp-content\/uploads\/2025\/04\/cropped-cropped-IMG_4044.png","url":"https:\/\/amelia-beautyartist.es\/wp-content\/uploads\/2025\/04\/cropped-cropped-IMG_4044.png","contentUrl":"https:\/\/amelia-beautyartist.es\/wp-content\/uploads\/2025\/04\/cropped-cropped-IMG_4044.png","width":428,"height":406,"caption":"ameliacuadros"},"logo":{"@id":"https:\/\/amelia-beautyartist.es\/wp-content\/uploads\/2025\/04\/cropped-cropped-IMG_4044.png"},"sameAs":["https:\/\/amelia-beautyartist.es"]}]}},"_links":{"self":[{"href":"https:\/\/amelia-beautyartist.es\/en\/wp-json\/wp\/v2\/pages\/388","targetHints":{"allow":["GET"]}}],"collection":[{"href":"https:\/\/amelia-beautyartist.es\/en\/wp-json\/wp\/v2\/pages"}],"about":[{"href":"https:\/\/amelia-beautyartist.es\/en\/wp-json\/wp\/v2\/types\/page"}],"author":[{"embeddable":true,"href":"https:\/\/amelia-beautyartist.es\/en\/wp-json\/wp\/v2\/users\/1"}],"replies":[{"embeddable":true,"href":"https:\/\/amelia-beautyartist.es\/en\/wp-json\/wp\/v2\/comments?post=388"}],"version-history":[{"count":10,"href":"https:\/\/amelia-beautyartist.es\/en\/wp-json\/wp\/v2\/pages\/388\/revisions"}],"predecessor-version":[{"id":545,"href":"https:\/\/amelia-beautyartist.es\/en\/wp-json\/wp\/v2\/pages\/388\/revisions\/545"}],"wp:attachment":[{"href":"https:\/\/amelia-beautyartist.es\/en\/wp-json\/wp\/v2\/media?parent=388"}],"curies":[{"name":"wp","href":"https:\/\/api.w.org\/{rel}","templated":true}]}}