{"id":298,"date":"2025-04-21T09:35:07","date_gmt":"2025-04-21T07:35:07","guid":{"rendered":"https:\/\/amelia-beautyartist.es\/?page_id=298"},"modified":"2025-04-23T08:33:25","modified_gmt":"2025-04-23T06:33:25","slug":"sobre-mi","status":"publish","type":"page","link":"https:\/\/amelia-beautyartist.es\/en\/sobre-mi\/","title":{"rendered":"Sobre mi"},"content":{"rendered":"<div data-elementor-type=\"wp-page\" data-elementor-id=\"298\" class=\"elementor elementor-298\" data-elementor-post-type=\"page\">\n\t\t\t\t<div class=\"elementor-element elementor-element-710db148 e-flex e-con-boxed e-con e-parent\" data-id=\"710db148\" data-element_type=\"container\" data-e-type=\"container\" data-settings=\"{&quot;background_background&quot;:&quot;gradient&quot;}\">\n\t\t\t\t\t<div class=\"e-con-inner\">\n\t\t<div class=\"elementor-element elementor-element-7d8a9ff9 e-flex e-con-boxed e-con e-child\" data-id=\"7d8a9ff9\" data-element_type=\"container\" data-e-type=\"container\">\n\t\t\t\t\t<div class=\"e-con-inner\">\n\t\t\t\t<div class=\"elementor-element elementor-element-7b19427a elementor-widget elementor-widget-heading\" data-id=\"7b19427a\" data-element_type=\"widget\" data-e-type=\"widget\" data-widget_type=\"heading.default\">\n\t\t\t\t<div class=\"elementor-widget-container\">\n\t\t\t\t\t<h1 class=\"elementor-heading-title elementor-size-default\">Sobre mi<\/h1>\t\t\t\t<\/div>\n\t\t\t\t<\/div>\n\t\t\t\t<div class=\"elementor-element elementor-element-44585592 elementor-widget elementor-widget-heading\" data-id=\"44585592\" data-element_type=\"widget\" data-e-type=\"widget\" data-widget_type=\"heading.default\">\n\t\t\t\t<div class=\"elementor-widget-container\">\n\t\t\t\t\t<h2 class=\"elementor-heading-title elementor-size-default\">Conoce a la Artista Detr\u00e1s del Maquillaje<\/h2>\t\t\t\t<\/div>\n\t\t\t\t<\/div>\n\t\t\t\t\t<\/div>\n\t\t\t\t<\/div>\n\t\t\t\t\t<\/div>\n\t\t\t\t<\/div>\n\t\t<div class=\"elementor-element elementor-element-63d1dff4 e-flex e-con-boxed e-con e-parent\" data-id=\"63d1dff4\" data-element_type=\"container\" data-e-type=\"container\" data-settings=\"{&quot;background_background&quot;:&quot;classic&quot;}\">\n\t\t\t\t\t<div class=\"e-con-inner\">\n\t\t<div class=\"elementor-element elementor-element-25300af6 e-con-full e-flex e-con e-child\" data-id=\"25300af6\" data-element_type=\"container\" data-e-type=\"container\">\n\t\t\t\t<div class=\"elementor-element elementor-element-6713708a elementor-widget elementor-widget-heading\" data-id=\"6713708a\" data-element_type=\"widget\" data-e-type=\"widget\" data-widget_type=\"heading.default\">\n\t\t\t\t<div class=\"elementor-widget-container\">\n\t\t\t\t\t<h3 class=\"elementor-heading-title elementor-size-default\">Amelia Cuadros<\/h3>\t\t\t\t<\/div>\n\t\t\t\t<\/div>\n\t\t\t\t<div class=\"elementor-element elementor-element-695e9cea elementor-widget-divider--view-line elementor-widget elementor-widget-divider\" data-id=\"695e9cea\" data-element_type=\"widget\" data-e-type=\"widget\" data-widget_type=\"divider.default\">\n\t\t\t\t<div class=\"elementor-widget-container\">\n\t\t\t\t\t\t\t<div class=\"elementor-divider\">\n\t\t\t<span class=\"elementor-divider-separator\">\n\t\t\t\t\t\t<\/span>\n\t\t<\/div>\n\t\t\t\t\t\t<\/div>\n\t\t\t\t<\/div>\n\t\t\t\t<div class=\"elementor-element elementor-element-5f54aba2 elementor-widget elementor-widget-text-editor\" data-id=\"5f54aba2\" data-element_type=\"widget\" data-e-type=\"widget\" data-widget_type=\"text-editor.default\">\n\t\t\t\t<div class=\"elementor-widget-container\">\n\t\t\t\t\t\t\t\t\t<p>Detr\u00e1s de <strong>Amelia Beauty Artist<\/strong> esta <strong>Amelia Cuadros<\/strong>, enfermera y maquilladora . Combino mundos muy diferentes pero en los dos ofrezco pasi\u00f3n, entrega y dedicaci\u00f3n plena con la persona que conf\u00eda en mi trabajo. Mi inmersi\u00f3n profesional en este arte comenz\u00f3 con el curso presencial en Sevilla de <em>By Maria Jose Rodriguez<\/em>, desde entonces he vivido una gratificante evoluci\u00f3n y sigo en constante formaci\u00f3n.<\/p><p>Para m\u00ed el maquillaje es una forma de expresi\u00f3n, un arte que puede transmitir una emoci\u00f3n y un complemento m\u00e1s que da el toque final al look que buscas.<\/p><p>Ya que me conoces un poquito m\u00e1s d\u00e9jame conocerte y juntas crear el look que estas so\u00f1ando.<\/p>\t\t\t\t\t\t\t\t<\/div>\n\t\t\t\t<\/div>\n\t\t\t\t<div class=\"elementor-element elementor-element-6f25f240 elementor-mobile-align-center elementor-widget elementor-widget-button\" data-id=\"6f25f240\" data-element_type=\"widget\" data-e-type=\"widget\" data-widget_type=\"button.default\">\n\t\t\t\t<div class=\"elementor-widget-container\">\n\t\t\t\t\t\t\t\t\t<div class=\"elementor-button-wrapper\">\n\t\t\t\t\t<a class=\"elementor-button elementor-button-link elementor-size-sm\" href=\"https:\/\/amelia-beautyartist.es\/en\/contacto\/\">\n\t\t\t\t\t\t<span class=\"elementor-button-content-wrapper\">\n\t\t\t\t\t\t\t\t\t<span class=\"elementor-button-text\">Contactame<\/span>\n\t\t\t\t\t<\/span>\n\t\t\t\t\t<\/a>\n\t\t\t\t<\/div>\n\t\t\t\t\t\t\t\t<\/div>\n\t\t\t\t<\/div>\n\t\t\t\t<\/div>\n\t\t<div class=\"elementor-element elementor-element-151658cc e-con-full e-flex e-con e-child\" data-id=\"151658cc\" data-element_type=\"container\" data-e-type=\"container\" data-settings=\"{&quot;background_background&quot;:&quot;classic&quot;}\">\n\t\t\t\t<div class=\"elementor-element elementor-element-7a997d63 elementor-widget elementor-widget-image\" data-id=\"7a997d63\" data-element_type=\"widget\" data-e-type=\"widget\" data-widget_type=\"image.default\">\n\t\t\t\t<div class=\"elementor-widget-container\">\n\t\t\t\t\t\t\t\t\t\t\t\t\t\t\t<img fetchpriority=\"high\" decoding=\"async\" width=\"1639\" height=\"2560\" src=\"https:\/\/amelia-beautyartist.es\/wp-content\/uploads\/2025\/04\/Facetune_11-07-2024-22-53-08-scaled.jpg\" class=\"attachment-full size-full wp-image-350\" alt=\"\" srcset=\"https:\/\/amelia-beautyartist.es\/wp-content\/uploads\/2025\/04\/Facetune_11-07-2024-22-53-08-scaled.jpg 1639w, https:\/\/amelia-beautyartist.es\/wp-content\/uploads\/2025\/04\/Facetune_11-07-2024-22-53-08-192x300.jpg 192w, https:\/\/amelia-beautyartist.es\/wp-content\/uploads\/2025\/04\/Facetune_11-07-2024-22-53-08-656x1024.jpg 656w, https:\/\/amelia-beautyartist.es\/wp-content\/uploads\/2025\/04\/Facetune_11-07-2024-22-53-08-768x1199.jpg 768w, https:\/\/amelia-beautyartist.es\/wp-content\/uploads\/2025\/04\/Facetune_11-07-2024-22-53-08-984x1536.jpg 984w, https:\/\/amelia-beautyartist.es\/wp-content\/uploads\/2025\/04\/Facetune_11-07-2024-22-53-08-1312x2048.jpg 1312w\" sizes=\"(max-width: 1639px) 100vw, 1639px\" \/>\t\t\t\t\t\t\t\t\t\t\t\t\t\t\t<\/div>\n\t\t\t\t<\/div>\n\t\t\t\t<div class=\"elementor-element elementor-element-5a899be2 elementor-absolute elementor-widget elementor-widget-image\" data-id=\"5a899be2\" data-element_type=\"widget\" data-e-type=\"widget\" data-settings=\"{&quot;_position&quot;:&quot;absolute&quot;}\" data-widget_type=\"image.default\">\n\t\t\t\t<div class=\"elementor-widget-container\">\n\t\t\t\t\t\t\t\t\t\t\t\t\t\t\t<img decoding=\"async\" width=\"3122\" height=\"1195\" src=\"https:\/\/amelia-beautyartist.es\/wp-content\/uploads\/2025\/04\/Floral-accent.png\" class=\"attachment-full size-full wp-image-45\" alt=\"\" srcset=\"https:\/\/amelia-beautyartist.es\/wp-content\/uploads\/2025\/04\/Floral-accent.png 3122w, https:\/\/amelia-beautyartist.es\/wp-content\/uploads\/2025\/04\/Floral-accent-300x115.png 300w, https:\/\/amelia-beautyartist.es\/wp-content\/uploads\/2025\/04\/Floral-accent-1024x392.png 1024w, https:\/\/amelia-beautyartist.es\/wp-content\/uploads\/2025\/04\/Floral-accent-768x294.png 768w, https:\/\/amelia-beautyartist.es\/wp-content\/uploads\/2025\/04\/Floral-accent-1536x588.png 1536w, https:\/\/amelia-beautyartist.es\/wp-content\/uploads\/2025\/04\/Floral-accent-2048x784.png 2048w\" sizes=\"(max-width: 3122px) 100vw, 3122px\" \/>\t\t\t\t\t\t\t\t\t\t\t\t\t\t\t<\/div>\n\t\t\t\t<\/div>\n\t\t\t\t<\/div>\n\t\t\t\t\t<\/div>\n\t\t\t\t<\/div>\n\t\t<div class=\"elementor-element elementor-element-23cc46e e-flex e-con-boxed e-con e-parent\" data-id=\"23cc46e\" data-element_type=\"container\" data-e-type=\"container\" data-settings=\"{&quot;background_background&quot;:&quot;classic&quot;}\">\n\t\t\t\t\t<div class=\"e-con-inner\">\n\t\t<div class=\"elementor-element elementor-element-8390207 e-flex e-con-boxed e-con e-child\" data-id=\"8390207\" data-element_type=\"container\" data-e-type=\"container\">\n\t\t\t\t\t<div class=\"e-con-inner\">\n\t\t\t\t<div class=\"elementor-element elementor-element-0d7f795 elementor-widget elementor-widget-heading\" data-id=\"0d7f795\" data-element_type=\"widget\" data-e-type=\"widget\" data-widget_type=\"heading.default\">\n\t\t\t\t<div class=\"elementor-widget-container\">\n\t\t\t\t\t<h1 class=\"elementor-heading-title elementor-size-default\">Mi formaci\u00f3n<\/h1>\t\t\t\t<\/div>\n\t\t\t\t<\/div>\n\t\t\t\t<div class=\"elementor-element elementor-element-fac71d9 elementor-widget elementor-widget-heading\" data-id=\"fac71d9\" data-element_type=\"widget\" data-e-type=\"widget\" data-widget_type=\"heading.default\">\n\t\t\t\t<div class=\"elementor-widget-container\">\n\t\t\t\t\t<p class=\"elementor-heading-title elementor-size-default\">La calidad de mi formaci\u00f3n es un pilar fundamental en mi trabajo. Tuve el privilegio de formarme en la destacada academia sevillana 'By Mar\u00eda Jos\u00e9 Rodr\u00edguez', un centro de renombre en la industria. Adem\u00e1s, mi compromiso con el aprendizaje continuo me ha llevado a realizar varios cursos con maquilladoras de la talla de Mar\u00eda Arteaga, enriqueciendo mis habilidades y conocimientos para ofrecer un servicio excepcional.<\/p>\t\t\t\t<\/div>\n\t\t\t\t<\/div>\n\t\t\t\t\t<\/div>\n\t\t\t\t<\/div>\n\t\t<div class=\"elementor-element elementor-element-7cfa9e1 e-flex e-con-boxed e-con e-child\" data-id=\"7cfa9e1\" data-element_type=\"container\" data-e-type=\"container\">\n\t\t\t\t\t<div class=\"e-con-inner\">\n\t\t\t\t<div class=\"elementor-element elementor-element-4d84699 elementor-widget elementor-widget-image\" data-id=\"4d84699\" data-element_type=\"widget\" data-e-type=\"widget\" data-widget_type=\"image.default\">\n\t\t\t\t<div class=\"elementor-widget-container\">\n\t\t\t\t\t\t\t\t\t\t\t\t\t\t\t<img decoding=\"async\" width=\"423\" height=\"102\" src=\"https:\/\/amelia-beautyartist.es\/wp-content\/uploads\/2025\/04\/002.png\" class=\"attachment-large size-large wp-image-371\" alt=\"\" srcset=\"https:\/\/amelia-beautyartist.es\/wp-content\/uploads\/2025\/04\/002.png 423w, https:\/\/amelia-beautyartist.es\/wp-content\/uploads\/2025\/04\/002-300x72.png 300w\" sizes=\"(max-width: 423px) 100vw, 423px\" \/>\t\t\t\t\t\t\t\t\t\t\t\t\t\t\t<\/div>\n\t\t\t\t<\/div>\n\t\t\t\t<div class=\"elementor-element elementor-element-6935d0e elementor-widget elementor-widget-image\" data-id=\"6935d0e\" data-element_type=\"widget\" data-e-type=\"widget\" data-widget_type=\"image.default\">\n\t\t\t\t<div class=\"elementor-widget-container\">\n\t\t\t\t\t\t\t\t\t\t\t\t\t\t\t<img loading=\"lazy\" decoding=\"async\" width=\"410\" height=\"69\" src=\"https:\/\/amelia-beautyartist.es\/wp-content\/uploads\/2025\/04\/logo-maria-arteaga-blanco.svg\" class=\"attachment-large size-large wp-image-372\" alt=\"\" \/>\t\t\t\t\t\t\t\t\t\t\t\t\t\t\t<\/div>\n\t\t\t\t<\/div>\n\t\t\t\t\t<\/div>\n\t\t\t\t<\/div>\n\t\t\t\t\t<\/div>\n\t\t\t\t<\/div>\n\t\t<div class=\"elementor-element elementor-element-5c80bcbb e-flex e-con-boxed e-con e-parent\" data-id=\"5c80bcbb\" data-element_type=\"container\" data-e-type=\"container\" data-settings=\"{&quot;background_background&quot;:&quot;classic&quot;}\">\n\t\t\t\t\t<div class=\"e-con-inner\">\n\t\t<div class=\"elementor-element elementor-element-24052af4 e-flex e-con-boxed e-con e-child\" data-id=\"24052af4\" data-element_type=\"container\" data-e-type=\"container\">\n\t\t\t\t\t<div class=\"e-con-inner\">\n\t\t\t\t<div class=\"elementor-element elementor-element-46a0df91 elementor-widget elementor-widget-heading\" data-id=\"46a0df91\" data-element_type=\"widget\" data-e-type=\"widget\" data-widget_type=\"heading.default\">\n\t\t\t\t<div class=\"elementor-widget-container\">\n\t\t\t\t\t<h6 class=\"elementor-heading-title elementor-size-default\">Tu belleza, mi arte.<\/h6>\t\t\t\t<\/div>\n\t\t\t\t<\/div>\n\t\t\t\t<div class=\"elementor-element elementor-element-1e589f2d elementor-widget elementor-widget-heading\" data-id=\"1e589f2d\" data-element_type=\"widget\" data-e-type=\"widget\" data-widget_type=\"heading.default\">\n\t\t\t\t<div class=\"elementor-widget-container\">\n\t\t\t\t\t<h2 class=\"elementor-heading-title elementor-size-default\">El maquillaje como herramienta para potenciar tu belleza interior y exterior.<\/h2>\t\t\t\t<\/div>\n\t\t\t\t<\/div>\n\t\t\t\t\t<\/div>\n\t\t\t\t<\/div>\n\t\t\t\t\t<\/div>\n\t\t\t\t<\/div>\n\t\t<div class=\"elementor-element elementor-element-63681158 e-flex e-con-boxed e-con e-parent\" data-id=\"63681158\" data-element_type=\"container\" data-e-type=\"container\">\n\t\t\t\t\t<div class=\"e-con-inner\">\n\t\t<div class=\"elementor-element elementor-element-af5e97c e-grid e-con-boxed e-con e-child\" data-id=\"af5e97c\" data-element_type=\"container\" data-e-type=\"container\">\n\t\t\t\t\t<div class=\"e-con-inner\">\n\t\t<div class=\"elementor-element elementor-element-1a06c450 e-con-full e-flex e-con e-child\" data-id=\"1a06c450\" data-element_type=\"container\" data-e-type=\"container\">\n\t\t\t\t<div class=\"elementor-element elementor-element-1d2e56a5 elementor-widget elementor-widget-image\" data-id=\"1d2e56a5\" data-element_type=\"widget\" data-e-type=\"widget\" data-widget_type=\"image.default\">\n\t\t\t\t<div class=\"elementor-widget-container\">\n\t\t\t\t\t\t\t\t\t\t\t\t\t\t\t<img loading=\"lazy\" decoding=\"async\" width=\"1920\" height=\"2560\" src=\"https:\/\/amelia-beautyartist.es\/wp-content\/uploads\/2025\/04\/Masterclass-en-Escuela-ByMJ-scaled.jpg\" class=\"attachment-full size-full wp-image-549\" alt=\"\" srcset=\"https:\/\/amelia-beautyartist.es\/wp-content\/uploads\/2025\/04\/Masterclass-en-Escuela-ByMJ-scaled.jpg 1920w, https:\/\/amelia-beautyartist.es\/wp-content\/uploads\/2025\/04\/Masterclass-en-Escuela-ByMJ-225x300.jpg 225w, https:\/\/amelia-beautyartist.es\/wp-content\/uploads\/2025\/04\/Masterclass-en-Escuela-ByMJ-768x1024.jpg 768w, https:\/\/amelia-beautyartist.es\/wp-content\/uploads\/2025\/04\/Masterclass-en-Escuela-ByMJ-1152x1536.jpg 1152w, https:\/\/amelia-beautyartist.es\/wp-content\/uploads\/2025\/04\/Masterclass-en-Escuela-ByMJ-1536x2048.jpg 1536w, https:\/\/amelia-beautyartist.es\/wp-content\/uploads\/2025\/04\/Masterclass-en-Escuela-ByMJ-9x12.jpg 9w\" sizes=\"(max-width: 1920px) 100vw, 1920px\" \/>\t\t\t\t\t\t\t\t\t\t\t\t\t\t\t<\/div>\n\t\t\t\t<\/div>\n\t\t\t\t<div class=\"elementor-element elementor-element-1eb61b5 elementor-widget elementor-widget-icon-box\" data-id=\"1eb61b5\" data-element_type=\"widget\" data-e-type=\"widget\" data-widget_type=\"icon-box.default\">\n\t\t\t\t<div class=\"elementor-widget-container\">\n\t\t\t\t\t\t\t<div class=\"elementor-icon-box-wrapper\">\n\n\t\t\t\n\t\t\t\t\t\t<div class=\"elementor-icon-box-content\">\n\n\t\t\t\t\t\t\t\t\t<div class=\"elementor-icon-box-title\">\n\t\t\t\t\t\t<span  >\n\t\t\t\t\t\t\tMi objetivo\t\t\t\t\t\t<\/span>\n\t\t\t\t\t<\/div>\n\t\t\t\t\n\t\t\t\t\t\t\t\t\t<p class=\"elementor-icon-box-description\">\n\t\t\t\t\t\tQue te sientas radiante y segura en tu propia piel.\t\t\t\t\t<\/p>\n\t\t\t\t\n\t\t\t<\/div>\n\t\t\t\n\t\t<\/div>\n\t\t\t\t\t\t<\/div>\n\t\t\t\t<\/div>\n\t\t\t\t<\/div>\n\t\t<div class=\"elementor-element elementor-element-5644c169 e-con-full e-flex e-con e-child\" data-id=\"5644c169\" data-element_type=\"container\" data-e-type=\"container\">\n\t\t\t\t<div class=\"elementor-element elementor-element-26da4efe elementor-widget elementor-widget-image\" data-id=\"26da4efe\" data-element_type=\"widget\" data-e-type=\"widget\" data-widget_type=\"image.default\">\n\t\t\t\t<div class=\"elementor-widget-container\">\n\t\t\t\t\t\t\t\t\t\t\t\t\t\t\t<img loading=\"lazy\" decoding=\"async\" width=\"1920\" height=\"2560\" src=\"https:\/\/amelia-beautyartist.es\/wp-content\/uploads\/2025\/04\/Curso-Novias-y-Ahumados-con-Maria-Arteaga-scaled.jpg\" class=\"attachment-full size-full wp-image-491\" alt=\"\" srcset=\"https:\/\/amelia-beautyartist.es\/wp-content\/uploads\/2025\/04\/Curso-Novias-y-Ahumados-con-Maria-Arteaga-scaled.jpg 1920w, https:\/\/amelia-beautyartist.es\/wp-content\/uploads\/2025\/04\/Curso-Novias-y-Ahumados-con-Maria-Arteaga-225x300.jpg 225w, https:\/\/amelia-beautyartist.es\/wp-content\/uploads\/2025\/04\/Curso-Novias-y-Ahumados-con-Maria-Arteaga-768x1024.jpg 768w, https:\/\/amelia-beautyartist.es\/wp-content\/uploads\/2025\/04\/Curso-Novias-y-Ahumados-con-Maria-Arteaga-1152x1536.jpg 1152w, https:\/\/amelia-beautyartist.es\/wp-content\/uploads\/2025\/04\/Curso-Novias-y-Ahumados-con-Maria-Arteaga-1536x2048.jpg 1536w, https:\/\/amelia-beautyartist.es\/wp-content\/uploads\/2025\/04\/Curso-Novias-y-Ahumados-con-Maria-Arteaga-9x12.jpg 9w\" sizes=\"(max-width: 1920px) 100vw, 1920px\" \/>\t\t\t\t\t\t\t\t\t\t\t\t\t\t\t<\/div>\n\t\t\t\t<\/div>\n\t\t\t\t<div class=\"elementor-element elementor-element-1021a36 elementor-widget elementor-widget-icon-box\" data-id=\"1021a36\" data-element_type=\"widget\" data-e-type=\"widget\" data-widget_type=\"icon-box.default\">\n\t\t\t\t<div class=\"elementor-widget-container\">\n\t\t\t\t\t\t\t<div class=\"elementor-icon-box-wrapper\">\n\n\t\t\t\n\t\t\t\t\t\t<div class=\"elementor-icon-box-content\">\n\n\t\t\t\t\t\t\t\t\t<div class=\"elementor-icon-box-title\">\n\t\t\t\t\t\t<span  >\n\t\t\t\t\t\t\tUniendo\t\t\t\t\t\t<\/span>\n\t\t\t\t\t<\/div>\n\t\t\t\t\n\t\t\t\t\t\t\t\t\t<p class=\"elementor-icon-box-description\">\n\t\t\t\t\t\tT\u00e9cnica y sensibilidad para un resultado que te haga sentir \u00fanica.\t\t\t\t\t<\/p>\n\t\t\t\t\n\t\t\t<\/div>\n\t\t\t\n\t\t<\/div>\n\t\t\t\t\t\t<\/div>\n\t\t\t\t<\/div>\n\t\t\t\t<\/div>\n\t\t<div class=\"elementor-element elementor-element-732444de e-con-full e-flex e-con e-child\" data-id=\"732444de\" data-element_type=\"container\" data-e-type=\"container\">\n\t\t\t\t<div class=\"elementor-element elementor-element-5c730e91 elementor-widget elementor-widget-image\" data-id=\"5c730e91\" data-element_type=\"widget\" data-e-type=\"widget\" data-widget_type=\"image.default\">\n\t\t\t\t<div class=\"elementor-widget-container\">\n\t\t\t\t\t\t\t\t\t\t\t\t\t\t\t<img loading=\"lazy\" decoding=\"async\" width=\"2560\" height=\"1920\" src=\"https:\/\/amelia-beautyartist.es\/wp-content\/uploads\/2025\/04\/Final-del-curso-de-Maquillaje-Profesional-en-Escuela-ByMJ-scaled.jpg\" class=\"attachment-full size-full wp-image-547\" alt=\"\" srcset=\"https:\/\/amelia-beautyartist.es\/wp-content\/uploads\/2025\/04\/Final-del-curso-de-Maquillaje-Profesional-en-Escuela-ByMJ-scaled.jpg 2560w, https:\/\/amelia-beautyartist.es\/wp-content\/uploads\/2025\/04\/Final-del-curso-de-Maquillaje-Profesional-en-Escuela-ByMJ-300x225.jpg 300w, https:\/\/amelia-beautyartist.es\/wp-content\/uploads\/2025\/04\/Final-del-curso-de-Maquillaje-Profesional-en-Escuela-ByMJ-1024x768.jpg 1024w, https:\/\/amelia-beautyartist.es\/wp-content\/uploads\/2025\/04\/Final-del-curso-de-Maquillaje-Profesional-en-Escuela-ByMJ-768x576.jpg 768w, https:\/\/amelia-beautyartist.es\/wp-content\/uploads\/2025\/04\/Final-del-curso-de-Maquillaje-Profesional-en-Escuela-ByMJ-1536x1152.jpg 1536w, https:\/\/amelia-beautyartist.es\/wp-content\/uploads\/2025\/04\/Final-del-curso-de-Maquillaje-Profesional-en-Escuela-ByMJ-2048x1536.jpg 2048w, https:\/\/amelia-beautyartist.es\/wp-content\/uploads\/2025\/04\/Final-del-curso-de-Maquillaje-Profesional-en-Escuela-ByMJ-16x12.jpg 16w\" sizes=\"(max-width: 2560px) 100vw, 2560px\" \/>\t\t\t\t\t\t\t\t\t\t\t\t\t\t\t<\/div>\n\t\t\t\t<\/div>\n\t\t\t\t<div class=\"elementor-element elementor-element-58a4cd5f elementor-widget elementor-widget-icon-box\" data-id=\"58a4cd5f\" data-element_type=\"widget\" data-e-type=\"widget\" data-widget_type=\"icon-box.default\">\n\t\t\t\t<div class=\"elementor-widget-container\">\n\t\t\t\t\t\t\t<div class=\"elementor-icon-box-wrapper\">\n\n\t\t\t\n\t\t\t\t\t\t<div class=\"elementor-icon-box-content\">\n\n\t\t\t\t\t\t\t\t\t<div class=\"elementor-icon-box-title\">\n\t\t\t\t\t\t<span  >\n\t\t\t\t\t\t\tMi esmero\t\t\t\t\t\t<\/span>\n\t\t\t\t\t<\/div>\n\t\t\t\t\n\t\t\t\t\t\t\t\t\t<p class=\"elementor-icon-box-description\">\n\t\t\t\t\t\tLa belleza se construye con dedicaci\u00f3n y atenci\u00f3n al detalle..\t\t\t\t\t<\/p>\n\t\t\t\t\n\t\t\t<\/div>\n\t\t\t\n\t\t<\/div>\n\t\t\t\t\t\t<\/div>\n\t\t\t\t<\/div>\n\t\t\t\t<\/div>\n\t\t\t\t\t<\/div>\n\t\t\t\t<\/div>\n\t\t\t\t\t<\/div>\n\t\t\t\t<\/div>\n\t\t\t\t<\/div>","protected":false},"excerpt":{"rendered":"<p>Conoce a la Artista Detr\u00e1s del Maquillaje Amelia Cuadros Detr\u00e1s de Amelia Beauty Artist esta Amelia Cuadros, enfermera y maquilladora . Combino mundos muy diferentes pero en los dos ofrezco pasi\u00f3n, entrega y dedicaci\u00f3n plena con la persona que conf\u00eda en mi trabajo. Mi inmersi\u00f3n profesional en este arte comenz\u00f3 con el curso presencial en [&hellip;]<\/p>\n","protected":false},"author":1,"featured_media":0,"parent":0,"menu_order":0,"comment_status":"closed","ping_status":"closed","template":"elementor_header_footer","meta":{"footnotes":""},"class_list":["post-298","page","type-page","status-publish","hentry"],"yoast_head":"<!-- This site is optimized with the Yoast SEO plugin v27.5 - https:\/\/yoast.com\/product\/yoast-seo-wordpress\/ -->\n<title>Sobre mi - Amelia Cuadros | Maquilladora profesional en Priego de C\u00f3rdoba<\/title>\n<meta name=\"robots\" content=\"index, follow, max-snippet:-1, max-image-preview:large, max-video-preview:-1\" \/>\n<link rel=\"canonical\" href=\"https:\/\/amelia-beautyartist.es\/en\/sobre-mi\/\" \/>\n<meta property=\"og:locale\" content=\"en_GB\" \/>\n<meta property=\"og:type\" content=\"article\" \/>\n<meta property=\"og:title\" content=\"Sobre mi - Amelia Cuadros | Maquilladora profesional en Priego de C\u00f3rdoba\" \/>\n<meta property=\"og:description\" content=\"Conoce a la Artista Detr\u00e1s del Maquillaje Amelia Cuadros Detr\u00e1s de Amelia Beauty Artist esta Amelia Cuadros, enfermera y maquilladora . Combino mundos muy diferentes pero en los dos ofrezco pasi\u00f3n, entrega y dedicaci\u00f3n plena con la persona que conf\u00eda en mi trabajo. Mi inmersi\u00f3n profesional en este arte comenz\u00f3 con el curso presencial en [&hellip;]\" \/>\n<meta property=\"og:url\" content=\"https:\/\/amelia-beautyartist.es\/en\/sobre-mi\/\" \/>\n<meta property=\"og:site_name\" content=\"Amelia Cuadros | Maquilladora profesional en Priego de C\u00f3rdoba\" \/>\n<meta property=\"article:modified_time\" content=\"2025-04-23T06:33:25+00:00\" \/>\n<meta property=\"og:image\" content=\"https:\/\/amelia-beautyartist.es\/wp-content\/uploads\/2025\/04\/Facetune_11-07-2024-22-53-08-scaled.jpg\" \/>\n\t<meta property=\"og:image:width\" content=\"1639\" \/>\n\t<meta property=\"og:image:height\" content=\"2560\" \/>\n\t<meta property=\"og:image:type\" content=\"image\/jpeg\" \/>\n<meta name=\"twitter:card\" content=\"summary_large_image\" \/>\n<meta name=\"twitter:label1\" content=\"Estimated reading time\" \/>\n\t<meta name=\"twitter:data1\" content=\"3 minutes\" \/>\n<script type=\"application\/ld+json\" class=\"yoast-schema-graph\">{\"@context\":\"https:\\\/\\\/schema.org\",\"@graph\":[{\"@type\":\"WebPage\",\"@id\":\"https:\\\/\\\/amelia-beautyartist.es\\\/sobre-mi\\\/\",\"url\":\"https:\\\/\\\/amelia-beautyartist.es\\\/sobre-mi\\\/\",\"name\":\"Sobre mi - Amelia Cuadros | Maquilladora profesional en Priego de C\u00f3rdoba\",\"isPartOf\":{\"@id\":\"https:\\\/\\\/amelia-beautyartist.es\\\/#website\"},\"primaryImageOfPage\":{\"@id\":\"https:\\\/\\\/amelia-beautyartist.es\\\/sobre-mi\\\/#primaryimage\"},\"image\":{\"@id\":\"https:\\\/\\\/amelia-beautyartist.es\\\/sobre-mi\\\/#primaryimage\"},\"thumbnailUrl\":\"https:\\\/\\\/amelia-beautyartist.es\\\/wp-content\\\/uploads\\\/2025\\\/04\\\/Facetune_11-07-2024-22-53-08-scaled.jpg\",\"datePublished\":\"2025-04-21T07:35:07+00:00\",\"dateModified\":\"2025-04-23T06:33:25+00:00\",\"breadcrumb\":{\"@id\":\"https:\\\/\\\/amelia-beautyartist.es\\\/sobre-mi\\\/#breadcrumb\"},\"inLanguage\":\"en-GB\",\"potentialAction\":[{\"@type\":\"ReadAction\",\"target\":[\"https:\\\/\\\/amelia-beautyartist.es\\\/sobre-mi\\\/\"]}]},{\"@type\":\"ImageObject\",\"inLanguage\":\"en-GB\",\"@id\":\"https:\\\/\\\/amelia-beautyartist.es\\\/sobre-mi\\\/#primaryimage\",\"url\":\"https:\\\/\\\/amelia-beautyartist.es\\\/wp-content\\\/uploads\\\/2025\\\/04\\\/Facetune_11-07-2024-22-53-08-scaled.jpg\",\"contentUrl\":\"https:\\\/\\\/amelia-beautyartist.es\\\/wp-content\\\/uploads\\\/2025\\\/04\\\/Facetune_11-07-2024-22-53-08-scaled.jpg\"},{\"@type\":\"BreadcrumbList\",\"@id\":\"https:\\\/\\\/amelia-beautyartist.es\\\/sobre-mi\\\/#breadcrumb\",\"itemListElement\":[{\"@type\":\"ListItem\",\"position\":1,\"name\":\"Portada\",\"item\":\"https:\\\/\\\/amelia-beautyartist.es\\\/\"},{\"@type\":\"ListItem\",\"position\":2,\"name\":\"Sobre mi\"}]},{\"@type\":\"WebSite\",\"@id\":\"https:\\\/\\\/amelia-beautyartist.es\\\/#website\",\"url\":\"https:\\\/\\\/amelia-beautyartist.es\\\/\",\"name\":\"Amelia Cuadros | Maquilladora profesional | Maquillaje para bodas | Maquillaje para bautizos y comuniones\",\"description\":\"Servicios profesionales de maquillaje especializados en eventos sociales como bodas, bautizos, comuniones y sesiones fotogr\u00e1ficas\",\"publisher\":{\"@id\":\"https:\\\/\\\/amelia-beautyartist.es\\\/#\\\/schema\\\/person\\\/5e9d0e56857462ff32564e131ac1b37e\"},\"potentialAction\":[{\"@type\":\"SearchAction\",\"target\":{\"@type\":\"EntryPoint\",\"urlTemplate\":\"https:\\\/\\\/amelia-beautyartist.es\\\/?s={search_term_string}\"},\"query-input\":{\"@type\":\"PropertyValueSpecification\",\"valueRequired\":true,\"valueName\":\"search_term_string\"}}],\"inLanguage\":\"en-GB\"},{\"@type\":[\"Person\",\"Organization\"],\"@id\":\"https:\\\/\\\/amelia-beautyartist.es\\\/#\\\/schema\\\/person\\\/5e9d0e56857462ff32564e131ac1b37e\",\"name\":\"ameliacuadros\",\"image\":{\"@type\":\"ImageObject\",\"inLanguage\":\"en-GB\",\"@id\":\"https:\\\/\\\/amelia-beautyartist.es\\\/wp-content\\\/uploads\\\/2025\\\/04\\\/cropped-cropped-IMG_4044.png\",\"url\":\"https:\\\/\\\/amelia-beautyartist.es\\\/wp-content\\\/uploads\\\/2025\\\/04\\\/cropped-cropped-IMG_4044.png\",\"contentUrl\":\"https:\\\/\\\/amelia-beautyartist.es\\\/wp-content\\\/uploads\\\/2025\\\/04\\\/cropped-cropped-IMG_4044.png\",\"width\":428,\"height\":406,\"caption\":\"ameliacuadros\"},\"logo\":{\"@id\":\"https:\\\/\\\/amelia-beautyartist.es\\\/wp-content\\\/uploads\\\/2025\\\/04\\\/cropped-cropped-IMG_4044.png\"},\"sameAs\":[\"https:\\\/\\\/amelia-beautyartist.es\"]}]}<\/script>\n<!-- \/ Yoast SEO plugin. -->","yoast_head_json":{"title":"Sobre mi - Amelia Cuadros | Maquilladora profesional en Priego de C\u00f3rdoba","robots":{"index":"index","follow":"follow","max-snippet":"max-snippet:-1","max-image-preview":"max-image-preview:large","max-video-preview":"max-video-preview:-1"},"canonical":"https:\/\/amelia-beautyartist.es\/en\/sobre-mi\/","og_locale":"en_GB","og_type":"article","og_title":"Sobre mi - Amelia Cuadros | Maquilladora profesional en Priego de C\u00f3rdoba","og_description":"Conoce a la Artista Detr\u00e1s del Maquillaje Amelia Cuadros Detr\u00e1s de Amelia Beauty Artist esta Amelia Cuadros, enfermera y maquilladora . Combino mundos muy diferentes pero en los dos ofrezco pasi\u00f3n, entrega y dedicaci\u00f3n plena con la persona que conf\u00eda en mi trabajo. Mi inmersi\u00f3n profesional en este arte comenz\u00f3 con el curso presencial en [&hellip;]","og_url":"https:\/\/amelia-beautyartist.es\/en\/sobre-mi\/","og_site_name":"Amelia Cuadros | Maquilladora profesional en Priego de C\u00f3rdoba","article_modified_time":"2025-04-23T06:33:25+00:00","og_image":[{"width":1639,"height":2560,"url":"https:\/\/amelia-beautyartist.es\/wp-content\/uploads\/2025\/04\/Facetune_11-07-2024-22-53-08-scaled.jpg","type":"image\/jpeg"}],"twitter_card":"summary_large_image","twitter_misc":{"Estimated reading time":"3 minutes"},"schema":{"@context":"https:\/\/schema.org","@graph":[{"@type":"WebPage","@id":"https:\/\/amelia-beautyartist.es\/sobre-mi\/","url":"https:\/\/amelia-beautyartist.es\/sobre-mi\/","name":"Sobre mi - Amelia Cuadros | Maquilladora profesional en Priego de C\u00f3rdoba","isPartOf":{"@id":"https:\/\/amelia-beautyartist.es\/#website"},"primaryImageOfPage":{"@id":"https:\/\/amelia-beautyartist.es\/sobre-mi\/#primaryimage"},"image":{"@id":"https:\/\/amelia-beautyartist.es\/sobre-mi\/#primaryimage"},"thumbnailUrl":"https:\/\/amelia-beautyartist.es\/wp-content\/uploads\/2025\/04\/Facetune_11-07-2024-22-53-08-scaled.jpg","datePublished":"2025-04-21T07:35:07+00:00","dateModified":"2025-04-23T06:33:25+00:00","breadcrumb":{"@id":"https:\/\/amelia-beautyartist.es\/sobre-mi\/#breadcrumb"},"inLanguage":"en-GB","potentialAction":[{"@type":"ReadAction","target":["https:\/\/amelia-beautyartist.es\/sobre-mi\/"]}]},{"@type":"ImageObject","inLanguage":"en-GB","@id":"https:\/\/amelia-beautyartist.es\/sobre-mi\/#primaryimage","url":"https:\/\/amelia-beautyartist.es\/wp-content\/uploads\/2025\/04\/Facetune_11-07-2024-22-53-08-scaled.jpg","contentUrl":"https:\/\/amelia-beautyartist.es\/wp-content\/uploads\/2025\/04\/Facetune_11-07-2024-22-53-08-scaled.jpg"},{"@type":"BreadcrumbList","@id":"https:\/\/amelia-beautyartist.es\/sobre-mi\/#breadcrumb","itemListElement":[{"@type":"ListItem","position":1,"name":"Portada","item":"https:\/\/amelia-beautyartist.es\/"},{"@type":"ListItem","position":2,"name":"Sobre mi"}]},{"@type":"WebSite","@id":"https:\/\/amelia-beautyartist.es\/#website","url":"https:\/\/amelia-beautyartist.es\/","name":"Amelia Cuadros | Maquilladora profesional | Maquillaje para bodas | Maquillaje para bautizos y comuniones","description":"Servicios profesionales de maquillaje especializados en eventos sociales como bodas, bautizos, comuniones y sesiones fotogr\u00e1ficas","publisher":{"@id":"https:\/\/amelia-beautyartist.es\/#\/schema\/person\/5e9d0e56857462ff32564e131ac1b37e"},"potentialAction":[{"@type":"SearchAction","target":{"@type":"EntryPoint","urlTemplate":"https:\/\/amelia-beautyartist.es\/?s={search_term_string}"},"query-input":{"@type":"PropertyValueSpecification","valueRequired":true,"valueName":"search_term_string"}}],"inLanguage":"en-GB"},{"@type":["Person","Organization"],"@id":"https:\/\/amelia-beautyartist.es\/#\/schema\/person\/5e9d0e56857462ff32564e131ac1b37e","name":"ameliacuadros","image":{"@type":"ImageObject","inLanguage":"en-GB","@id":"https:\/\/amelia-beautyartist.es\/wp-content\/uploads\/2025\/04\/cropped-cropped-IMG_4044.png","url":"https:\/\/amelia-beautyartist.es\/wp-content\/uploads\/2025\/04\/cropped-cropped-IMG_4044.png","contentUrl":"https:\/\/amelia-beautyartist.es\/wp-content\/uploads\/2025\/04\/cropped-cropped-IMG_4044.png","width":428,"height":406,"caption":"ameliacuadros"},"logo":{"@id":"https:\/\/amelia-beautyartist.es\/wp-content\/uploads\/2025\/04\/cropped-cropped-IMG_4044.png"},"sameAs":["https:\/\/amelia-beautyartist.es"]}]}},"_links":{"self":[{"href":"https:\/\/amelia-beautyartist.es\/en\/wp-json\/wp\/v2\/pages\/298","targetHints":{"allow":["GET"]}}],"collection":[{"href":"https:\/\/amelia-beautyartist.es\/en\/wp-json\/wp\/v2\/pages"}],"about":[{"href":"https:\/\/amelia-beautyartist.es\/en\/wp-json\/wp\/v2\/types\/page"}],"author":[{"embeddable":true,"href":"https:\/\/amelia-beautyartist.es\/en\/wp-json\/wp\/v2\/users\/1"}],"replies":[{"embeddable":true,"href":"https:\/\/amelia-beautyartist.es\/en\/wp-json\/wp\/v2\/comments?post=298"}],"version-history":[{"count":43,"href":"https:\/\/amelia-beautyartist.es\/en\/wp-json\/wp\/v2\/pages\/298\/revisions"}],"predecessor-version":[{"id":645,"href":"https:\/\/amelia-beautyartist.es\/en\/wp-json\/wp\/v2\/pages\/298\/revisions\/645"}],"wp:attachment":[{"href":"https:\/\/amelia-beautyartist.es\/en\/wp-json\/wp\/v2\/media?parent=298"}],"curies":[{"name":"wp","href":"https:\/\/api.w.org\/{rel}","templated":true}]}}