{"id":101,"date":"2025-04-08T12:43:34","date_gmt":"2025-04-08T10:43:34","guid":{"rendered":"https:\/\/amelia-beautyartist.es\/?page_id=101"},"modified":"2025-06-11T13:03:43","modified_gmt":"2025-06-11T11:03:43","slug":"home","status":"publish","type":"page","link":"https:\/\/amelia-beautyartist.es\/en\/","title":{"rendered":"Home"},"content":{"rendered":"\t\t<div data-elementor-type=\"wp-page\" data-elementor-id=\"101\" class=\"elementor elementor-101\" data-elementor-post-type=\"page\">\n\t\t\t\t<div class=\"elementor-element elementor-element-2957741f e-flex e-con-boxed e-con e-parent\" data-id=\"2957741f\" data-element_type=\"container\" data-e-type=\"container\" data-settings=\"{&quot;background_background&quot;:&quot;slideshow&quot;,&quot;background_slideshow_gallery&quot;:[{&quot;id&quot;:339,&quot;url&quot;:&quot;https:\\\/\\\/amelia-beautyartist.es\\\/wp-content\\\/uploads\\\/2025\\\/04\\\/img003.jpg&quot;},{&quot;id&quot;:340,&quot;url&quot;:&quot;https:\\\/\\\/amelia-beautyartist.es\\\/wp-content\\\/uploads\\\/2025\\\/04\\\/img002.jpg&quot;},{&quot;id&quot;:341,&quot;url&quot;:&quot;https:\\\/\\\/amelia-beautyartist.es\\\/wp-content\\\/uploads\\\/2025\\\/04\\\/img001.jpg&quot;}],&quot;background_slideshow_slide_transition&quot;:&quot;slide_right&quot;,&quot;background_slideshow_lazyload&quot;:&quot;yes&quot;,&quot;background_slideshow_ken_burns&quot;:&quot;yes&quot;,&quot;background_slideshow_loop&quot;:&quot;yes&quot;,&quot;background_slideshow_slide_duration&quot;:5000,&quot;background_slideshow_transition_duration&quot;:500,&quot;background_slideshow_ken_burns_zoom_direction&quot;:&quot;in&quot;}\">\n\t\t\t\t\t<div class=\"e-con-inner\">\n\t\t<div class=\"elementor-element elementor-element-39d633de e-con-full e-flex e-con e-child\" data-id=\"39d633de\" data-element_type=\"container\" data-e-type=\"container\">\n\t\t\t\t<div class=\"elementor-element elementor-element-55c4e687 elementor-widget elementor-widget-heading\" data-id=\"55c4e687\" data-element_type=\"widget\" data-e-type=\"widget\" data-widget_type=\"heading.default\">\n\t\t\t\t<div class=\"elementor-widget-container\">\n\t\t\t\t\t<h1 class=\"elementor-heading-title elementor-size-default\">Descubre los mejores servicios de maquillaje profesional y personalizado en Priego de C\u00f3rdoba<\/h1>\t\t\t\t<\/div>\n\t\t\t\t<\/div>\n\t\t\t\t<div class=\"elementor-element elementor-element-4cecc0b6 elementor-widget elementor-widget-text-editor\" data-id=\"4cecc0b6\" data-element_type=\"widget\" data-e-type=\"widget\" data-widget_type=\"text-editor.default\">\n\t\t\t\t<div class=\"elementor-widget-container\">\n\t\t\t\t\t\t\t\t\t<p>Dirigido por <strong>Amelia Cuadros<\/strong>, maquilladora profesional. Mi especialidad es resaltar tu belleza natural a trav\u00e9s de un maquillaje \u00fanico y adaptado a tus necesidades, ideal para cualquier evento.<\/p>\t\t\t\t\t\t\t\t<\/div>\n\t\t\t\t<\/div>\n\t\t\t\t<div class=\"elementor-element elementor-element-73d823af elementor-tablet-align-left elementor-mobile-align-center elementor-widget elementor-widget-button\" data-id=\"73d823af\" data-element_type=\"widget\" data-e-type=\"widget\" data-widget_type=\"button.default\">\n\t\t\t\t<div class=\"elementor-widget-container\">\n\t\t\t\t\t\t\t\t\t<div class=\"elementor-button-wrapper\">\n\t\t\t\t\t<a class=\"elementor-button elementor-button-link elementor-size-sm\" href=\"#porqueamelia\">\n\t\t\t\t\t\t<span class=\"elementor-button-content-wrapper\">\n\t\t\t\t\t\t<span class=\"elementor-button-icon\">\n\t\t\t\t<i aria-hidden=\"true\" class=\" arrow_right\"><\/i>\t\t\t<\/span>\n\t\t\t\t\t\t\t\t\t<span class=\"elementor-button-text\">\u00bfQuieres saber m\u00e1s?<\/span>\n\t\t\t\t\t<\/span>\n\t\t\t\t\t<\/a>\n\t\t\t\t<\/div>\n\t\t\t\t\t\t\t\t<\/div>\n\t\t\t\t<\/div>\n\t\t\t\t<\/div>\n\t\t\t\t\t<\/div>\n\t\t\t\t<\/div>\n\t\t<div class=\"elementor-element elementor-element-369b1acc e-flex e-con-boxed e-con e-parent\" data-id=\"369b1acc\" data-element_type=\"container\" data-e-type=\"container\" data-settings=\"{&quot;background_background&quot;:&quot;classic&quot;}\">\n\t\t\t\t\t<div class=\"e-con-inner\">\n\t\t\t\t<div class=\"elementor-element elementor-element-7df84516 elementor-widget elementor-widget-heading\" data-id=\"7df84516\" data-element_type=\"widget\" data-e-type=\"widget\" data-widget_type=\"heading.default\">\n\t\t\t\t<div class=\"elementor-widget-container\">\n\t\t\t\t\t<h2 class=\"elementor-heading-title elementor-size-default\">Servicios de Maquillaje Profesional<\/h2>\t\t\t\t<\/div>\n\t\t\t\t<\/div>\n\t\t<div class=\"elementor-element elementor-element-301dc4a6 e-flex e-con-boxed e-con e-child\" data-id=\"301dc4a6\" data-element_type=\"container\" data-e-type=\"container\">\n\t\t\t\t\t<div class=\"e-con-inner\">\n\t\t\t\t<div class=\"elementor-element elementor-element-337c5b0b elementor-widget elementor-widget-heading\" data-id=\"337c5b0b\" data-element_type=\"widget\" data-e-type=\"widget\" data-widget_type=\"heading.default\">\n\t\t\t\t<div class=\"elementor-widget-container\">\n\t\t\t\t\t<p class=\"elementor-heading-title elementor-size-default\">Ofrezco una variedad de servicios de maquillaje profesional pensados para todo tipo de eventos. Con mi experiencia en el mundo de la belleza, me aseguro de resaltar tu mejor versi\u00f3n en ocasiones especiales.<\/p>\t\t\t\t<\/div>\n\t\t\t\t<\/div>\n\t\t\t\t\t<\/div>\n\t\t\t\t<\/div>\n\t\t<div class=\"elementor-element elementor-element-7937cdf2 e-con-full e-grid e-con e-child\" data-id=\"7937cdf2\" data-element_type=\"container\" data-e-type=\"container\">\n\t\t<div class=\"elementor-element elementor-element-5a03cb76 e-con-full e-flex e-con e-child\" data-id=\"5a03cb76\" data-element_type=\"container\" data-e-type=\"container\">\n\t\t\t\t<div class=\"elementor-element elementor-element-72ce24d3 elementor-view-default elementor-widget elementor-widget-icon\" data-id=\"72ce24d3\" data-element_type=\"widget\" data-e-type=\"widget\" data-widget_type=\"icon.default\">\n\t\t\t\t<div class=\"elementor-widget-container\">\n\t\t\t\t\t\t\t<div class=\"elementor-icon-wrapper\">\n\t\t\t<div class=\"elementor-icon\">\n\t\t\t<i aria-hidden=\"true\" class=\"icon icon-cosmetics\"><\/i>\t\t\t<\/div>\n\t\t<\/div>\n\t\t\t\t\t\t<\/div>\n\t\t\t\t<\/div>\n\t\t\t\t<div class=\"elementor-element elementor-element-457b5d48 elementor-widget elementor-widget-icon-box\" data-id=\"457b5d48\" data-element_type=\"widget\" data-e-type=\"widget\" data-widget_type=\"icon-box.default\">\n\t\t\t\t<div class=\"elementor-widget-container\">\n\t\t\t\t\t\t\t<div class=\"elementor-icon-box-wrapper\">\n\n\t\t\t\n\t\t\t\t\t\t<div class=\"elementor-icon-box-content\">\n\n\t\t\t\t\t\t\t\t\t<h3 class=\"elementor-icon-box-title\">\n\t\t\t\t\t\t<span  >\n\t\t\t\t\t\t\tServicio personalizado de novia\t\t\t\t\t\t<\/span>\n\t\t\t\t\t<\/h3>\n\t\t\t\t\n\t\t\t\t\t\t\t\t\t<p class=\"elementor-icon-box-description\">\n\t\t\t\t\t\tEl d\u00eda de tu boda es uno de los m\u00e1s importantes de tu vida, y estoy aqu\u00ed para ayudarte a brillar con tu mejor versi\u00f3n.\t\t\t\t\t<\/p>\n\t\t\t\t\n\t\t\t<\/div>\n\t\t\t\n\t\t<\/div>\n\t\t\t\t\t\t<\/div>\n\t\t\t\t<\/div>\n\t\t\t\t<\/div>\n\t\t<div class=\"elementor-element elementor-element-447c0d43 e-con-full e-flex e-con e-child\" data-id=\"447c0d43\" data-element_type=\"container\" data-e-type=\"container\">\n\t\t\t\t<div class=\"elementor-element elementor-element-76a1f16e elementor-view-default elementor-widget elementor-widget-icon\" data-id=\"76a1f16e\" data-element_type=\"widget\" data-e-type=\"widget\" data-widget_type=\"icon.default\">\n\t\t\t\t<div class=\"elementor-widget-container\">\n\t\t\t\t\t\t\t<div class=\"elementor-icon-wrapper\">\n\t\t\t<div class=\"elementor-icon\">\n\t\t\t<i aria-hidden=\"true\" class=\"icon icon-drink-glass\"><\/i>\t\t\t<\/div>\n\t\t<\/div>\n\t\t\t\t\t\t<\/div>\n\t\t\t\t<\/div>\n\t\t\t\t<div class=\"elementor-element elementor-element-49db8ec4 elementor-widget elementor-widget-icon-box\" data-id=\"49db8ec4\" data-element_type=\"widget\" data-e-type=\"widget\" data-widget_type=\"icon-box.default\">\n\t\t\t\t<div class=\"elementor-widget-container\">\n\t\t\t\t\t\t\t<div class=\"elementor-icon-box-wrapper\">\n\n\t\t\t\n\t\t\t\t\t\t<div class=\"elementor-icon-box-content\">\n\n\t\t\t\t\t\t\t\t\t<h3 class=\"elementor-icon-box-title\">\n\t\t\t\t\t\t<span  >\n\t\t\t\t\t\t\tMaquillaje invitadas a eventos\t\t\t\t\t\t<\/span>\n\t\t\t\t\t<\/h3>\n\t\t\t\t\n\t\t\t\t\t\t\t\t\t<p class=\"elementor-icon-box-description\">\n\t\t\t\t\t\tMaquillajes suaves y elegantes que resaltan la belleza natural en los grandes d\u00edas.\t\t\t\t\t<\/p>\n\t\t\t\t\n\t\t\t<\/div>\n\t\t\t\n\t\t<\/div>\n\t\t\t\t\t\t<\/div>\n\t\t\t\t<\/div>\n\t\t\t\t<\/div>\n\t\t<div class=\"elementor-element elementor-element-138c1716 e-con-full e-flex e-con e-child\" data-id=\"138c1716\" data-element_type=\"container\" data-e-type=\"container\">\n\t\t\t\t<div class=\"elementor-element elementor-element-30927649 elementor-view-default elementor-widget elementor-widget-icon\" data-id=\"30927649\" data-element_type=\"widget\" data-e-type=\"widget\" data-widget_type=\"icon.default\">\n\t\t\t\t<div class=\"elementor-widget-container\">\n\t\t\t\t\t\t\t<div class=\"elementor-icon-wrapper\">\n\t\t\t<div class=\"elementor-icon\">\n\t\t\t<i aria-hidden=\"true\" class=\"icon icon-photo-camera1\"><\/i>\t\t\t<\/div>\n\t\t<\/div>\n\t\t\t\t\t\t<\/div>\n\t\t\t\t<\/div>\n\t\t\t\t<div class=\"elementor-element elementor-element-1dfb54d5 elementor-widget elementor-widget-icon-box\" data-id=\"1dfb54d5\" data-element_type=\"widget\" data-e-type=\"widget\" data-widget_type=\"icon-box.default\">\n\t\t\t\t<div class=\"elementor-widget-container\">\n\t\t\t\t\t\t\t<div class=\"elementor-icon-box-wrapper\">\n\n\t\t\t\n\t\t\t\t\t\t<div class=\"elementor-icon-box-content\">\n\n\t\t\t\t\t\t\t\t\t<h3 class=\"elementor-icon-box-title\">\n\t\t\t\t\t\t<span  >\n\t\t\t\t\t\t\tMaquillaje profesional para sesiones fotograficas\t\t\t\t\t\t<\/span>\n\t\t\t\t\t<\/h3>\n\t\t\t\t\n\t\t\t\t\t\t\t\t\t<p class=\"elementor-icon-box-description\">\n\t\t\t\t\t\tCaptura momentos especiales con un maquillaje que te har\u00e1 lucir espectacular en tus fotos.\t\t\t\t\t<\/p>\n\t\t\t\t\n\t\t\t<\/div>\n\t\t\t\n\t\t<\/div>\n\t\t\t\t\t\t<\/div>\n\t\t\t\t<\/div>\n\t\t\t\t<\/div>\n\t\t\t\t<\/div>\n\t\t<div class=\"elementor-element elementor-element-350c9bb e-con-full e-grid e-con e-child\" data-id=\"350c9bb\" data-element_type=\"container\" data-e-type=\"container\">\n\t\t<div class=\"elementor-element elementor-element-01e699c e-con-full e-flex e-con e-child\" data-id=\"01e699c\" data-element_type=\"container\" data-e-type=\"container\">\n\t\t\t\t<div class=\"elementor-element elementor-element-05a5d05 elementor-view-default elementor-widget elementor-widget-icon\" data-id=\"05a5d05\" data-element_type=\"widget\" data-e-type=\"widget\" data-widget_type=\"icon.default\">\n\t\t\t\t<div class=\"elementor-widget-container\">\n\t\t\t\t\t\t\t<div class=\"elementor-icon-wrapper\">\n\t\t\t<div class=\"elementor-icon\">\n\t\t\t<i aria-hidden=\"true\" class=\"icon icon-mirror\"><\/i>\t\t\t<\/div>\n\t\t<\/div>\n\t\t\t\t\t\t<\/div>\n\t\t\t\t<\/div>\n\t\t\t\t<div class=\"elementor-element elementor-element-50655ea elementor-widget elementor-widget-icon-box\" data-id=\"50655ea\" data-element_type=\"widget\" data-e-type=\"widget\" data-widget_type=\"icon-box.default\">\n\t\t\t\t<div class=\"elementor-widget-container\">\n\t\t\t\t\t\t\t<div class=\"elementor-icon-box-wrapper\">\n\n\t\t\t\n\t\t\t\t\t\t<div class=\"elementor-icon-box-content\">\n\n\t\t\t\t\t\t\t\t\t<h3 class=\"elementor-icon-box-title\">\n\t\t\t\t\t\t<span  >\n\t\t\t\t\t\t\tCursos de automaquillaje personalizados\t\t\t\t\t\t<\/span>\n\t\t\t\t\t<\/h3>\n\t\t\t\t\n\t\t\t\t\t\t\t\t\t<p class=\"elementor-icon-box-description\">\n\t\t\t\t\t\tAprende a maquillarte como un profesional con clases individuales o grupales. Descubre las mejores t\u00e9cnicas y consejos adaptados a ti.\t\t\t\t\t<\/p>\n\t\t\t\t\n\t\t\t<\/div>\n\t\t\t\n\t\t<\/div>\n\t\t\t\t\t\t<\/div>\n\t\t\t\t<\/div>\n\t\t\t\t<\/div>\n\t\t<div class=\"elementor-element elementor-element-c5e8bbc e-con-full e-flex e-con e-child\" data-id=\"c5e8bbc\" data-element_type=\"container\" data-e-type=\"container\">\n\t\t\t\t<div class=\"elementor-element elementor-element-a2e6781 elementor-view-default elementor-widget elementor-widget-icon\" data-id=\"a2e6781\" data-element_type=\"widget\" data-e-type=\"widget\" data-widget_type=\"icon.default\">\n\t\t\t\t<div class=\"elementor-widget-container\">\n\t\t\t\t\t\t\t<div class=\"elementor-icon-wrapper\">\n\t\t\t<div class=\"elementor-icon\">\n\t\t\t<i aria-hidden=\"true\" class=\"icon icon-paint-brush\"><\/i>\t\t\t<\/div>\n\t\t<\/div>\n\t\t\t\t\t\t<\/div>\n\t\t\t\t<\/div>\n\t\t\t\t<div class=\"elementor-element elementor-element-33e858a elementor-widget elementor-widget-icon-box\" data-id=\"33e858a\" data-element_type=\"widget\" data-e-type=\"widget\" data-widget_type=\"icon-box.default\">\n\t\t\t\t<div class=\"elementor-widget-container\">\n\t\t\t\t\t\t\t<div class=\"elementor-icon-box-wrapper\">\n\n\t\t\t\n\t\t\t\t\t\t<div class=\"elementor-icon-box-content\">\n\n\t\t\t\t\t\t\t\t\t<h3 class=\"elementor-icon-box-title\">\n\t\t\t\t\t\t<span  >\n\t\t\t\t\t\t\tBodypainting art\u00edstico\t\t\t\t\t\t<\/span>\n\t\t\t\t\t<\/h3>\n\t\t\t\t\n\t\t\t\t\t\t\t\t\t<p class=\"elementor-icon-box-description\">\n\t\t\t\t\t\tTransforma tu piel en una obra de arte para eventos como babyshowers, creando recuerdos memorables y \u00fanicos.\t\t\t\t\t<\/p>\n\t\t\t\t\n\t\t\t<\/div>\n\t\t\t\n\t\t<\/div>\n\t\t\t\t\t\t<\/div>\n\t\t\t\t<\/div>\n\t\t\t\t<\/div>\n\t\t\t\t<\/div>\n\t\t<div class=\"elementor-element elementor-element-b21997c e-con-full e-flex e-con e-child\" data-id=\"b21997c\" data-element_type=\"container\" data-e-type=\"container\">\n\t\t\t\t<div class=\"elementor-element elementor-element-85f3f0f elementor-tablet-align-center elementor-mobile-align-center elementor-align-center elementor-widget elementor-widget-button\" data-id=\"85f3f0f\" data-element_type=\"widget\" data-e-type=\"widget\" data-widget_type=\"button.default\">\n\t\t\t\t<div class=\"elementor-widget-container\">\n\t\t\t\t\t\t\t\t\t<div class=\"elementor-button-wrapper\">\n\t\t\t\t\t<a class=\"elementor-button elementor-button-link elementor-size-sm\" href=\"https:\/\/amelia-beautyartist.es\/servicios\/\">\n\t\t\t\t\t\t<span class=\"elementor-button-content-wrapper\">\n\t\t\t\t\t\t<span class=\"elementor-button-icon\">\n\t\t\t\t<i aria-hidden=\"true\" class=\" arrow_right\"><\/i>\t\t\t<\/span>\n\t\t\t\t\t\t\t\t\t<span class=\"elementor-button-text\">Conoce m\u00e1s sobre mis servicios<\/span>\n\t\t\t\t\t<\/span>\n\t\t\t\t\t<\/a>\n\t\t\t\t<\/div>\n\t\t\t\t\t\t\t\t<\/div>\n\t\t\t\t<\/div>\n\t\t\t\t<\/div>\n\t\t\t\t\t<\/div>\n\t\t\t\t<\/div>\n\t\t<div class=\"elementor-element elementor-element-26ef04a9 e-flex e-con-boxed e-con e-parent\" data-id=\"26ef04a9\" data-element_type=\"container\" data-e-type=\"container\" id=\"xs_team_17\" data-settings=\"{&quot;background_background&quot;:&quot;classic&quot;}\">\n\t\t\t\t\t<div class=\"e-con-inner\">\n\t\t\t\t<div class=\"elementor-element elementor-element-59c76967 elementor-widget elementor-widget-elementskit-heading\" data-id=\"59c76967\" data-element_type=\"widget\" data-e-type=\"widget\" data-widget_type=\"elementskit-heading.default\">\n\t\t\t\t<div class=\"elementor-widget-container\">\n\t\t\t\t\t<div class=\"ekit-wid-con\" ><div class=\"ekit-heading elementskit-section-title-wraper center   ekit_heading_tablet-   ekit_heading_mobile-\"><h2 class=\"ekit-heading--title elementskit-section-title \">Promociones<\/h2>\t\t\t\t<div class='ekit-heading__description'>\n\t\t\t\t\t<p><strong>Promociones activas<\/strong> \u00a1No dejes pasar estas ofertas \u00fanicas en servicios de maquillaje! Consulta los detalles y reserva ahora.<\/p>\n\t\t\t\t<\/div>\n\t\t\t<div class=\"ekit_heading_separetor_wraper ekit_heading_elementskit-border-divider ekit-dotted\"><div class=\"elementskit-border-divider ekit-dotted\"><\/div><\/div><\/div><\/div>\t\t\t\t<\/div>\n\t\t\t\t<\/div>\n\t\t<div class=\"elementor-element elementor-element-c9a51fa e-con-full e-grid e-con e-child\" data-id=\"c9a51fa\" data-element_type=\"container\" data-e-type=\"container\">\n\t\t\t\t<div class=\"elementor-element elementor-element-0e84506 elementor-widget elementor-widget-image\" data-id=\"0e84506\" data-element_type=\"widget\" data-e-type=\"widget\" data-widget_type=\"image.default\">\n\t\t\t\t<div class=\"elementor-widget-container\">\n\t\t\t\t\t\t\t\t\t\t\t\t\t\t\t<img fetchpriority=\"high\" decoding=\"async\" width=\"800\" height=\"800\" src=\"https:\/\/amelia-beautyartist.es\/wp-content\/uploads\/2025\/04\/WhatsApp-Image-2025-04-22-at-10.05.38-1024x1024.jpeg\" class=\"attachment-large size-large wp-image-615\" alt=\"\" srcset=\"https:\/\/amelia-beautyartist.es\/wp-content\/uploads\/2025\/04\/WhatsApp-Image-2025-04-22-at-10.05.38-1024x1024.jpeg 1024w, https:\/\/amelia-beautyartist.es\/wp-content\/uploads\/2025\/04\/WhatsApp-Image-2025-04-22-at-10.05.38-300x300.jpeg 300w, https:\/\/amelia-beautyartist.es\/wp-content\/uploads\/2025\/04\/WhatsApp-Image-2025-04-22-at-10.05.38-150x150.jpeg 150w, https:\/\/amelia-beautyartist.es\/wp-content\/uploads\/2025\/04\/WhatsApp-Image-2025-04-22-at-10.05.38-768x768.jpeg 768w, https:\/\/amelia-beautyartist.es\/wp-content\/uploads\/2025\/04\/WhatsApp-Image-2025-04-22-at-10.05.38-12x12.jpeg 12w, https:\/\/amelia-beautyartist.es\/wp-content\/uploads\/2025\/04\/WhatsApp-Image-2025-04-22-at-10.05.38.jpeg 1080w\" sizes=\"(max-width: 800px) 100vw, 800px\" \/>\t\t\t\t\t\t\t\t\t\t\t\t\t\t\t<\/div>\n\t\t\t\t<\/div>\n\t\t\t\t<div class=\"elementor-element elementor-element-0a2fd09 elementor-widget elementor-widget-image\" data-id=\"0a2fd09\" data-element_type=\"widget\" data-e-type=\"widget\" data-widget_type=\"image.default\">\n\t\t\t\t<div class=\"elementor-widget-container\">\n\t\t\t\t\t\t\t\t\t\t\t\t\t\t\t<img decoding=\"async\" width=\"800\" height=\"800\" src=\"https:\/\/amelia-beautyartist.es\/wp-content\/uploads\/2025\/04\/WhatsApp-Image-2025-04-22-at-14.17.27-1024x1024.jpeg\" class=\"attachment-large size-large wp-image-638\" alt=\"\" srcset=\"https:\/\/amelia-beautyartist.es\/wp-content\/uploads\/2025\/04\/WhatsApp-Image-2025-04-22-at-14.17.27-1024x1024.jpeg 1024w, https:\/\/amelia-beautyartist.es\/wp-content\/uploads\/2025\/04\/WhatsApp-Image-2025-04-22-at-14.17.27-300x300.jpeg 300w, https:\/\/amelia-beautyartist.es\/wp-content\/uploads\/2025\/04\/WhatsApp-Image-2025-04-22-at-14.17.27-150x150.jpeg 150w, https:\/\/amelia-beautyartist.es\/wp-content\/uploads\/2025\/04\/WhatsApp-Image-2025-04-22-at-14.17.27-768x768.jpeg 768w, https:\/\/amelia-beautyartist.es\/wp-content\/uploads\/2025\/04\/WhatsApp-Image-2025-04-22-at-14.17.27-12x12.jpeg 12w, https:\/\/amelia-beautyartist.es\/wp-content\/uploads\/2025\/04\/WhatsApp-Image-2025-04-22-at-14.17.27.jpeg 1181w\" sizes=\"(max-width: 800px) 100vw, 800px\" \/>\t\t\t\t\t\t\t\t\t\t\t\t\t\t\t<\/div>\n\t\t\t\t<\/div>\n\t\t\t\t<\/div>\n\t\t\t\t\t<\/div>\n\t\t\t\t<\/div>\n\t\t<div class=\"elementor-element elementor-element-6ff84204 e-flex e-con-boxed e-con e-parent\" data-id=\"6ff84204\" data-element_type=\"container\" data-e-type=\"container\" data-settings=\"{&quot;background_background&quot;:&quot;classic&quot;}\">\n\t\t\t\t\t<div class=\"e-con-inner\">\n\t\t<div class=\"elementor-element elementor-element-6aa60388 e-flex e-con-boxed e-con e-child\" data-id=\"6aa60388\" data-element_type=\"container\" data-e-type=\"container\">\n\t\t\t\t\t<div class=\"e-con-inner\">\n\t\t\t\t<div class=\"elementor-element elementor-element-7b39fb76 elementor-widget elementor-widget-heading\" data-id=\"7b39fb76\" data-element_type=\"widget\" data-e-type=\"widget\" data-widget_type=\"heading.default\">\n\t\t\t\t<div class=\"elementor-widget-container\">\n\t\t\t\t\t<div class=\"elementor-heading-title elementor-size-default\">Mi enfoque eres t\u00fa<\/div>\t\t\t\t<\/div>\n\t\t\t\t<\/div>\n\t\t\t\t<div class=\"elementor-element elementor-element-1cd9ebe4 elementor-widget elementor-widget-heading\" data-id=\"1cd9ebe4\" data-element_type=\"widget\" data-e-type=\"widget\" data-widget_type=\"heading.default\">\n\t\t\t\t<div class=\"elementor-widget-container\">\n\t\t\t\t\t<div class=\"elementor-heading-title elementor-size-default\">Tu belleza es \u00fanica, estoy aqu\u00ed para resaltarla en cada momento especial.<\/div>\t\t\t\t<\/div>\n\t\t\t\t<\/div>\n\t\t\t\t\t<\/div>\n\t\t\t\t<\/div>\n\t\t\t\t\t<\/div>\n\t\t\t\t<\/div>\n\t\t<div class=\"elementor-element elementor-element-578475d4 e-flex e-con-boxed e-con e-parent\" data-id=\"578475d4\" data-element_type=\"container\" data-e-type=\"container\" data-settings=\"{&quot;background_background&quot;:&quot;classic&quot;}\">\n\t\t\t\t\t<div class=\"e-con-inner\">\n\t\t<div class=\"elementor-element elementor-element-27227e7b e-con-full e-flex e-con e-child\" data-id=\"27227e7b\" data-element_type=\"container\" data-e-type=\"container\">\n\t\t\t\t<div class=\"elementor-element elementor-element-401ca884 elementor-widget elementor-widget-heading\" data-id=\"401ca884\" data-element_type=\"widget\" data-e-type=\"widget\" data-widget_type=\"heading.default\">\n\t\t\t\t<div class=\"elementor-widget-container\">\n\t\t\t\t\t<h2 class=\"elementor-heading-title elementor-size-default\">Maquillar no es transformar, es revelar.<\/h2>\t\t\t\t<\/div>\n\t\t\t\t<\/div>\n\t\t\t\t<div class=\"elementor-element elementor-element-2d7292ee elementor-widget-divider--view-line elementor-widget elementor-widget-divider\" data-id=\"2d7292ee\" data-element_type=\"widget\" data-e-type=\"widget\" data-widget_type=\"divider.default\">\n\t\t\t\t<div class=\"elementor-widget-container\">\n\t\t\t\t\t\t\t<div class=\"elementor-divider\">\n\t\t\t<span class=\"elementor-divider-separator\">\n\t\t\t\t\t\t<\/span>\n\t\t<\/div>\n\t\t\t\t\t\t<\/div>\n\t\t\t\t<\/div>\n\t\t\t\t<div class=\"elementor-element elementor-element-3b7565a4 elementor-widget elementor-widget-text-editor\" data-id=\"3b7565a4\" data-element_type=\"widget\" data-e-type=\"widget\" data-widget_type=\"text-editor.default\">\n\t\t\t\t<div class=\"elementor-widget-container\">\n\t\t\t\t\t\t\t\t\t<p class=\"\" data-start=\"420\" data-end=\"666\">Cada persona tiene algo \u00fanico que merece ser iluminado. Mi trabajo no es cubrir, sino <strong data-start=\"597\" data-end=\"624\">resaltar lo mejor de ti<\/strong>, con sensibilidad, estilo y mucho cari\u00f1o.<\/p><p class=\"\" data-start=\"668\" data-end=\"836\">La belleza no es un est\u00e1ndar: es una actitud. Por eso cada servicio est\u00e1 pensado para que te sientas t\u00fa, sin filtros, sin disfraces, solo <strong data-start=\"808\" data-end=\"835\">aut\u00e9nticamente radiante<\/strong>.<\/p>\t\t\t\t\t\t\t\t<\/div>\n\t\t\t\t<\/div>\n\t\t\t\t<div class=\"elementor-element elementor-element-288eb7a6 elementor-tablet-align-center elementor-mobile-align-center elementor-widget elementor-widget-button\" data-id=\"288eb7a6\" data-element_type=\"widget\" data-e-type=\"widget\" data-widget_type=\"button.default\">\n\t\t\t\t<div class=\"elementor-widget-container\">\n\t\t\t\t\t\t\t\t\t<div class=\"elementor-button-wrapper\">\n\t\t\t\t\t<a class=\"elementor-button elementor-button-link elementor-size-sm\" href=\"https:\/\/amelia-beautyartist.es\/contacto\/\">\n\t\t\t\t\t\t<span class=\"elementor-button-content-wrapper\">\n\t\t\t\t\t\t\t\t\t<span class=\"elementor-button-text\">Cont\u00e1ctame<\/span>\n\t\t\t\t\t<\/span>\n\t\t\t\t\t<\/a>\n\t\t\t\t<\/div>\n\t\t\t\t\t\t\t\t<\/div>\n\t\t\t\t<\/div>\n\t\t\t\t<\/div>\n\t\t<div class=\"elementor-element elementor-element-145825b2 e-con-full e-flex e-con e-child\" data-id=\"145825b2\" data-element_type=\"container\" data-e-type=\"container\" data-settings=\"{&quot;background_background&quot;:&quot;classic&quot;}\">\n\t\t\t\t<div class=\"elementor-element elementor-element-50d539c3 elementor-widget elementor-widget-image\" data-id=\"50d539c3\" data-element_type=\"widget\" data-e-type=\"widget\" data-widget_type=\"image.default\">\n\t\t\t\t<div class=\"elementor-widget-container\">\n\t\t\t\t\t\t\t\t\t\t\t\t\t\t\t<img decoding=\"async\" width=\"1477\" height=\"2560\" src=\"https:\/\/amelia-beautyartist.es\/wp-content\/uploads\/2025\/04\/Facetune_16-03-2025-01-17-57-scaled.jpg\" class=\"attachment-full size-full wp-image-338\" alt=\"\" srcset=\"https:\/\/amelia-beautyartist.es\/wp-content\/uploads\/2025\/04\/Facetune_16-03-2025-01-17-57-scaled.jpg 1477w, https:\/\/amelia-beautyartist.es\/wp-content\/uploads\/2025\/04\/Facetune_16-03-2025-01-17-57-173x300.jpg 173w, https:\/\/amelia-beautyartist.es\/wp-content\/uploads\/2025\/04\/Facetune_16-03-2025-01-17-57-591x1024.jpg 591w, https:\/\/amelia-beautyartist.es\/wp-content\/uploads\/2025\/04\/Facetune_16-03-2025-01-17-57-768x1331.jpg 768w, https:\/\/amelia-beautyartist.es\/wp-content\/uploads\/2025\/04\/Facetune_16-03-2025-01-17-57-886x1536.jpg 886w, https:\/\/amelia-beautyartist.es\/wp-content\/uploads\/2025\/04\/Facetune_16-03-2025-01-17-57-1182x2048.jpg 1182w\" sizes=\"(max-width: 1477px) 100vw, 1477px\" \/>\t\t\t\t\t\t\t\t\t\t\t\t\t\t\t<\/div>\n\t\t\t\t<\/div>\n\t\t\t\t<div class=\"elementor-element elementor-element-106e7a91 elementor-absolute elementor-widget elementor-widget-image\" data-id=\"106e7a91\" data-element_type=\"widget\" data-e-type=\"widget\" data-settings=\"{&quot;_position&quot;:&quot;absolute&quot;}\" data-widget_type=\"image.default\">\n\t\t\t\t<div class=\"elementor-widget-container\">\n\t\t\t\t\t\t\t\t\t\t\t\t\t\t\t<img loading=\"lazy\" decoding=\"async\" width=\"3122\" height=\"1195\" src=\"https:\/\/amelia-beautyartist.es\/wp-content\/uploads\/2025\/04\/Floral-accent.png\" class=\"attachment-full size-full wp-image-45\" alt=\"\" srcset=\"https:\/\/amelia-beautyartist.es\/wp-content\/uploads\/2025\/04\/Floral-accent.png 3122w, https:\/\/amelia-beautyartist.es\/wp-content\/uploads\/2025\/04\/Floral-accent-300x115.png 300w, https:\/\/amelia-beautyartist.es\/wp-content\/uploads\/2025\/04\/Floral-accent-1024x392.png 1024w, https:\/\/amelia-beautyartist.es\/wp-content\/uploads\/2025\/04\/Floral-accent-768x294.png 768w, https:\/\/amelia-beautyartist.es\/wp-content\/uploads\/2025\/04\/Floral-accent-1536x588.png 1536w, https:\/\/amelia-beautyartist.es\/wp-content\/uploads\/2025\/04\/Floral-accent-2048x784.png 2048w\" sizes=\"(max-width: 3122px) 100vw, 3122px\" \/>\t\t\t\t\t\t\t\t\t\t\t\t\t\t\t<\/div>\n\t\t\t\t<\/div>\n\t\t\t\t<\/div>\n\t\t<div class=\"elementor-element elementor-element-1a012549 e-con-full e-flex e-con e-child\" data-id=\"1a012549\" data-element_type=\"container\" data-e-type=\"container\">\n\t\t\t\t<div class=\"elementor-element elementor-element-1dd67af4 elementor-position-inline-start elementor-mobile-position-inline-start elementor-view-default elementor-widget elementor-widget-icon-box\" data-id=\"1dd67af4\" data-element_type=\"widget\" data-e-type=\"widget\" data-widget_type=\"icon-box.default\">\n\t\t\t\t<div class=\"elementor-widget-container\">\n\t\t\t\t\t\t\t<div class=\"elementor-icon-box-wrapper\">\n\n\t\t\t\t\t\t<div class=\"elementor-icon-box-icon\">\n\t\t\t\t<span  class=\"elementor-icon\">\n\t\t\t\t<i aria-hidden=\"true\" class=\"icon icon-cosmetics\"><\/i>\t\t\t\t<\/span>\n\t\t\t<\/div>\n\t\t\t\n\t\t\t\t\t\t<div class=\"elementor-icon-box-content\">\n\n\t\t\t\t\t\t\t\t\t<h3 class=\"elementor-icon-box-title\">\n\t\t\t\t\t\t<span  >\n\t\t\t\t\t\t\tBelleza consciente y real\t\t\t\t\t\t<\/span>\n\t\t\t\t\t<\/h3>\n\t\t\t\t\n\t\t\t\t\t\t\t\t\t<p class=\"elementor-icon-box-description\">\n\t\t\t\t\t\tMaquillo desde el respeto a tu esencia, potenciando tus rasgos naturales.\t\t\t\t\t<\/p>\n\t\t\t\t\n\t\t\t<\/div>\n\t\t\t\n\t\t<\/div>\n\t\t\t\t\t\t<\/div>\n\t\t\t\t<\/div>\n\t\t\t\t<div class=\"elementor-element elementor-element-5c3bfd5 elementor-position-inline-start elementor-mobile-position-inline-start elementor-view-default elementor-widget elementor-widget-icon-box\" data-id=\"5c3bfd5\" data-element_type=\"widget\" data-e-type=\"widget\" data-widget_type=\"icon-box.default\">\n\t\t\t\t<div class=\"elementor-widget-container\">\n\t\t\t\t\t\t\t<div class=\"elementor-icon-box-wrapper\">\n\n\t\t\t\t\t\t<div class=\"elementor-icon-box-icon\">\n\t\t\t\t<span  class=\"elementor-icon\">\n\t\t\t\t<i aria-hidden=\"true\" class=\"icon icon-pen_shape\"><\/i>\t\t\t\t<\/span>\n\t\t\t<\/div>\n\t\t\t\n\t\t\t\t\t\t<div class=\"elementor-icon-box-content\">\n\n\t\t\t\t\t\t\t\t\t<h3 class=\"elementor-icon-box-title\">\n\t\t\t\t\t\t<span  >\n\t\t\t\t\t\t\tDetalles que hablan de ti\t\t\t\t\t\t<\/span>\n\t\t\t\t\t<\/h3>\n\t\t\t\t\n\t\t\t\t\t\t\t\t\t<p class=\"elementor-icon-box-description\">\n\t\t\t\t\t\tCada trazo, cada color, cada textura est\u00e1 pensada para contar tu historia.\t\t\t\t\t<\/p>\n\t\t\t\t\n\t\t\t<\/div>\n\t\t\t\n\t\t<\/div>\n\t\t\t\t\t\t<\/div>\n\t\t\t\t<\/div>\n\t\t\t\t<div class=\"elementor-element elementor-element-9efede4 elementor-position-inline-start elementor-mobile-position-inline-start elementor-view-default elementor-widget elementor-widget-icon-box\" data-id=\"9efede4\" data-element_type=\"widget\" data-e-type=\"widget\" data-widget_type=\"icon-box.default\">\n\t\t\t\t<div class=\"elementor-widget-container\">\n\t\t\t\t\t\t\t<div class=\"elementor-icon-box-wrapper\">\n\n\t\t\t\t\t\t<div class=\"elementor-icon-box-icon\">\n\t\t\t\t<span  class=\"elementor-icon\">\n\t\t\t\t<i aria-hidden=\"true\" class=\"icon icon-flower\"><\/i>\t\t\t\t<\/span>\n\t\t\t<\/div>\n\t\t\t\n\t\t\t\t\t\t<div class=\"elementor-icon-box-content\">\n\n\t\t\t\t\t\t\t\t\t<h3 class=\"elementor-icon-box-title\">\n\t\t\t\t\t\t<span  >\n\t\t\t\t\t\t\tCuido la experiencia, no solo el resultado\t\t\t\t\t\t<\/span>\n\t\t\t\t\t<\/h3>\n\t\t\t\t\n\t\t\t\t\t\t\t\t\t<p class=\"elementor-icon-box-description\">\n\t\t\t\t\t\tDesde la primera conversaci\u00f3n hasta el \u00faltimo retoque, busco que te sientas cuidada y especial.\t\t\t\t\t<\/p>\n\t\t\t\t\n\t\t\t<\/div>\n\t\t\t\n\t\t<\/div>\n\t\t\t\t\t\t<\/div>\n\t\t\t\t<\/div>\n\t\t\t\t<div class=\"elementor-element elementor-element-4449b6c6 elementor-position-inline-start elementor-mobile-position-inline-start elementor-view-default elementor-widget elementor-widget-icon-box\" data-id=\"4449b6c6\" data-element_type=\"widget\" data-e-type=\"widget\" data-widget_type=\"icon-box.default\">\n\t\t\t\t<div class=\"elementor-widget-container\">\n\t\t\t\t\t\t\t<div class=\"elementor-icon-box-wrapper\">\n\n\t\t\t\t\t\t<div class=\"elementor-icon-box-icon\">\n\t\t\t\t<span  class=\"elementor-icon\">\n\t\t\t\t<i aria-hidden=\"true\" class=\"icon icon-diamond11\"><\/i>\t\t\t\t<\/span>\n\t\t\t<\/div>\n\t\t\t\n\t\t\t\t\t\t<div class=\"elementor-icon-box-content\">\n\n\t\t\t\t\t\t\t\t\t<h3 class=\"elementor-icon-box-title\">\n\t\t\t\t\t\t<span  >\n\t\t\t\t\t\t\tTu momento, tu estilo, tu luz\t\t\t\t\t\t<\/span>\n\t\t\t\t\t<\/h3>\n\t\t\t\t\n\t\t\t\t\t\t\t\t\t<p class=\"elementor-icon-box-description\">\n\t\t\t\t\t\tYa sea para un gran evento, una sesi\u00f3n creativa o un curso de automaquillaje, me adapto a ti.\t\t\t\t\t<\/p>\n\t\t\t\t\n\t\t\t<\/div>\n\t\t\t\n\t\t<\/div>\n\t\t\t\t\t\t<\/div>\n\t\t\t\t<\/div>\n\t\t\t\t<\/div>\n\t\t\t\t\t<\/div>\n\t\t\t\t<\/div>\n\t\t<div class=\"elementor-element elementor-element-5554524a e-flex e-con-boxed e-con e-parent\" data-id=\"5554524a\" data-element_type=\"container\" data-e-type=\"container\" id=\"porqueamelia\" data-settings=\"{&quot;background_background&quot;:&quot;classic&quot;}\">\n\t\t\t\t\t<div class=\"e-con-inner\">\n\t\t<div class=\"elementor-element elementor-element-4a2812f2 e-con-full e-flex e-con e-child\" data-id=\"4a2812f2\" data-element_type=\"container\" data-e-type=\"container\">\n\t\t\t\t<div class=\"elementor-element elementor-element-790b7a91 elementor-widget elementor-widget-heading\" data-id=\"790b7a91\" data-element_type=\"widget\" data-e-type=\"widget\" data-widget_type=\"heading.default\">\n\t\t\t\t<div class=\"elementor-widget-container\">\n\t\t\t\t\t<h2 class=\"elementor-heading-title elementor-size-default\">\u00bfPor qu\u00e9 Elegir a Amelia Beauty Artist?<\/h2>\t\t\t\t<\/div>\n\t\t\t\t<\/div>\n\t\t\t\t<div class=\"elementor-element elementor-element-12a6e209 elementor-widget elementor-widget-heading\" data-id=\"12a6e209\" data-element_type=\"widget\" data-e-type=\"widget\" data-widget_type=\"heading.default\">\n\t\t\t\t<div class=\"elementor-widget-container\">\n\t\t\t\t\t<p class=\"elementor-heading-title elementor-size-default\">Mi objetivo es ofrecerte un servicio de maquillaje \u00fanico que resalte tu belleza natural y cree recuerdos inolvidables. Si buscas una experiencia de belleza profesional y personalizada, \u00a1est\u00e1s en el lugar adecuado!<\/p>\t\t\t\t<\/div>\n\t\t\t\t<\/div>\n\t\t\t\t<div class=\"elementor-element elementor-element-cc4d581 elementor-position-inline-start elementor-mobile-position-inline-start elementor-view-default elementor-widget elementor-widget-icon-box\" data-id=\"cc4d581\" data-element_type=\"widget\" data-e-type=\"widget\" data-widget_type=\"icon-box.default\">\n\t\t\t\t<div class=\"elementor-widget-container\">\n\t\t\t\t\t\t\t<div class=\"elementor-icon-box-wrapper\">\n\n\t\t\t\t\t\t<div class=\"elementor-icon-box-icon\">\n\t\t\t\t<span  class=\"elementor-icon\">\n\t\t\t\t<i aria-hidden=\"true\" class=\"icon icon-cosmetics\"><\/i>\t\t\t\t<\/span>\n\t\t\t<\/div>\n\t\t\t\n\t\t\t\t\t\t<div class=\"elementor-icon-box-content\">\n\n\t\t\t\t\t\t\t\t\t<h3 class=\"elementor-icon-box-title\">\n\t\t\t\t\t\t<span  >\n\t\t\t\t\t\t\tCreatividad y excelencia profesional:\t\t\t\t\t\t<\/span>\n\t\t\t\t\t<\/h3>\n\t\t\t\t\n\t\t\t\t\t\t\t\t\t<p class=\"elementor-icon-box-description\">\n\t\t\t\t\t\tConmigo, cada servicio est\u00e1 dise\u00f1ado para brindarte lo mejor en t\u00e9cnicas de maquillaje.\t\t\t\t\t<\/p>\n\t\t\t\t\n\t\t\t<\/div>\n\t\t\t\n\t\t<\/div>\n\t\t\t\t\t\t<\/div>\n\t\t\t\t<\/div>\n\t\t\t\t<div class=\"elementor-element elementor-element-72435ec0 elementor-position-inline-start elementor-mobile-position-inline-start elementor-view-default elementor-widget elementor-widget-icon-box\" data-id=\"72435ec0\" data-element_type=\"widget\" data-e-type=\"widget\" data-widget_type=\"icon-box.default\">\n\t\t\t\t<div class=\"elementor-widget-container\">\n\t\t\t\t\t\t\t<div class=\"elementor-icon-box-wrapper\">\n\n\t\t\t\t\t\t<div class=\"elementor-icon-box-icon\">\n\t\t\t\t<span  class=\"elementor-icon\">\n\t\t\t\t<i aria-hidden=\"true\" class=\"icon icon-shampoo\"><\/i>\t\t\t\t<\/span>\n\t\t\t<\/div>\n\t\t\t\n\t\t\t\t\t\t<div class=\"elementor-icon-box-content\">\n\n\t\t\t\t\t\t\t\t\t<h3 class=\"elementor-icon-box-title\">\n\t\t\t\t\t\t<span  >\n\t\t\t\t\t\t\tAdaptabilidad y trato personalizado:\t\t\t\t\t\t<\/span>\n\t\t\t\t\t<\/h3>\n\t\t\t\t\n\t\t\t\t\t\t\t\t\t<p class=\"elementor-icon-box-description\">\n\t\t\t\t\t\tMe especializo en entender tus necesidades y ofrecerte un servicio a medida, asegurando que te sientas especial en cada ocasi\u00f3n.\t\t\t\t\t<\/p>\n\t\t\t\t\n\t\t\t<\/div>\n\t\t\t\n\t\t<\/div>\n\t\t\t\t\t\t<\/div>\n\t\t\t\t<\/div>\n\t\t\t\t<div class=\"elementor-element elementor-element-579848b8 elementor-position-inline-start elementor-mobile-position-inline-start elementor-view-default elementor-widget elementor-widget-icon-box\" data-id=\"579848b8\" data-element_type=\"widget\" data-e-type=\"widget\" data-widget_type=\"icon-box.default\">\n\t\t\t\t<div class=\"elementor-widget-container\">\n\t\t\t\t\t\t\t<div class=\"elementor-icon-box-wrapper\">\n\n\t\t\t\t\t\t<div class=\"elementor-icon-box-icon\">\n\t\t\t\t<span  class=\"elementor-icon\">\n\t\t\t\t<i aria-hidden=\"true\" class=\"icon icon-hot-Stone-2\"><\/i>\t\t\t\t<\/span>\n\t\t\t<\/div>\n\t\t\t\n\t\t\t\t\t\t<div class=\"elementor-icon-box-content\">\n\n\t\t\t\t\t\t\t\t\t<h3 class=\"elementor-icon-box-title\">\n\t\t\t\t\t\t<span  >\n\t\t\t\t\t\t\tExperiencias memorables:\t\t\t\t\t\t<\/span>\n\t\t\t\t\t<\/h3>\n\t\t\t\t\n\t\t\t\t\t\t\t\t\t<p class=\"elementor-icon-box-description\">\n\t\t\t\t\t\tCreo momentos inolvidables, ya sea en una boda, una fiesta o una sesi\u00f3n de fotos. Cada uno de nuestros servicios est\u00e1 dise\u00f1ado para realzar tu belleza y hacer que te sientas \u00fanica.\t\t\t\t\t<\/p>\n\t\t\t\t\n\t\t\t<\/div>\n\t\t\t\n\t\t<\/div>\n\t\t\t\t\t\t<\/div>\n\t\t\t\t<\/div>\n\t\t\t\t<div class=\"elementor-element elementor-element-8f6ef35 elementor-position-inline-start elementor-mobile-position-inline-start elementor-view-default elementor-widget elementor-widget-icon-box\" data-id=\"8f6ef35\" data-element_type=\"widget\" data-e-type=\"widget\" data-widget_type=\"icon-box.default\">\n\t\t\t\t<div class=\"elementor-widget-container\">\n\t\t\t\t\t\t\t<div class=\"elementor-icon-box-wrapper\">\n\n\t\t\t\t\t\t<div class=\"elementor-icon-box-icon\">\n\t\t\t\t<span  class=\"elementor-icon\">\n\t\t\t\t<i aria-hidden=\"true\" class=\"icon icon-handshake\"><\/i>\t\t\t\t<\/span>\n\t\t\t<\/div>\n\t\t\t\n\t\t\t\t\t\t<div class=\"elementor-icon-box-content\">\n\n\t\t\t\t\t\t\t\t\t<h3 class=\"elementor-icon-box-title\">\n\t\t\t\t\t\t<span  >\n\t\t\t\t\t\t\tValores que me caracterizan:\t\t\t\t\t\t<\/span>\n\t\t\t\t\t<\/h3>\n\t\t\t\t\n\t\t\t\t\t\t\t\t\t<p class=\"elementor-icon-box-description\">\n\t\t\t\t\t\tRespeto, cercan\u00eda, puntualidad, entrega , dedicaci\u00f3n, control del estr\u00e9s y empat\u00eda.\t\t\t\t\t<\/p>\n\t\t\t\t\n\t\t\t<\/div>\n\t\t\t\n\t\t<\/div>\n\t\t\t\t\t\t<\/div>\n\t\t\t\t<\/div>\n\t\t\t\t<\/div>\n\t\t<div class=\"elementor-element elementor-element-11310cac e-con-full e-flex e-con e-child\" data-id=\"11310cac\" data-element_type=\"container\" data-e-type=\"container\" data-settings=\"{&quot;background_background&quot;:&quot;classic&quot;}\">\n\t\t\t\t<div class=\"elementor-element elementor-element-3be7a963 elementor-widget elementor-widget-image\" data-id=\"3be7a963\" data-element_type=\"widget\" data-e-type=\"widget\" data-widget_type=\"image.default\">\n\t\t\t\t<div class=\"elementor-widget-container\">\n\t\t\t\t\t\t\t\t\t\t\t\t\t\t\t<img loading=\"lazy\" decoding=\"async\" width=\"1746\" height=\"2560\" src=\"https:\/\/amelia-beautyartist.es\/wp-content\/uploads\/2025\/04\/Facetune_14-08-2024-16-50-17-scaled.jpg\" class=\"attachment-full size-full wp-image-335\" alt=\"\" srcset=\"https:\/\/amelia-beautyartist.es\/wp-content\/uploads\/2025\/04\/Facetune_14-08-2024-16-50-17-scaled.jpg 1746w, https:\/\/amelia-beautyartist.es\/wp-content\/uploads\/2025\/04\/Facetune_14-08-2024-16-50-17-205x300.jpg 205w, https:\/\/amelia-beautyartist.es\/wp-content\/uploads\/2025\/04\/Facetune_14-08-2024-16-50-17-698x1024.jpg 698w, https:\/\/amelia-beautyartist.es\/wp-content\/uploads\/2025\/04\/Facetune_14-08-2024-16-50-17-768x1126.jpg 768w, https:\/\/amelia-beautyartist.es\/wp-content\/uploads\/2025\/04\/Facetune_14-08-2024-16-50-17-1047x1536.jpg 1047w, https:\/\/amelia-beautyartist.es\/wp-content\/uploads\/2025\/04\/Facetune_14-08-2024-16-50-17-1397x2048.jpg 1397w\" sizes=\"(max-width: 1746px) 100vw, 1746px\" \/>\t\t\t\t\t\t\t\t\t\t\t\t\t\t\t<\/div>\n\t\t\t\t<\/div>\n\t\t\t\t<\/div>\n\t\t\t\t\t<\/div>\n\t\t\t\t<\/div>\n\t\t<div class=\"elementor-element elementor-element-217c192a e-flex e-con-boxed e-con e-parent\" data-id=\"217c192a\" data-element_type=\"container\" data-e-type=\"container\">\n\t\t\t\t\t<div class=\"e-con-inner\">\n\t\t<div class=\"elementor-element elementor-element-4abbfbde e-con-full e-flex e-con e-child\" data-id=\"4abbfbde\" data-element_type=\"container\" data-e-type=\"container\" data-settings=\"{&quot;background_background&quot;:&quot;classic&quot;}\">\n\t\t\t\t<div class=\"elementor-element elementor-element-490e4c90 elementor-widget__width-initial elementor-widget elementor-widget-image\" data-id=\"490e4c90\" data-element_type=\"widget\" data-e-type=\"widget\" data-widget_type=\"image.default\">\n\t\t\t\t<div class=\"elementor-widget-container\">\n\t\t\t\t\t\t\t\t\t\t\t\t\t\t\t<img loading=\"lazy\" decoding=\"async\" width=\"1690\" height=\"2560\" src=\"https:\/\/amelia-beautyartist.es\/wp-content\/uploads\/2025\/04\/Facetune_08-03-2025-17-56-21-scaled.jpg\" class=\"attachment-full size-full wp-image-334\" alt=\"\" srcset=\"https:\/\/amelia-beautyartist.es\/wp-content\/uploads\/2025\/04\/Facetune_08-03-2025-17-56-21-scaled.jpg 1690w, https:\/\/amelia-beautyartist.es\/wp-content\/uploads\/2025\/04\/Facetune_08-03-2025-17-56-21-198x300.jpg 198w, https:\/\/amelia-beautyartist.es\/wp-content\/uploads\/2025\/04\/Facetune_08-03-2025-17-56-21-676x1024.jpg 676w, https:\/\/amelia-beautyartist.es\/wp-content\/uploads\/2025\/04\/Facetune_08-03-2025-17-56-21-768x1164.jpg 768w, https:\/\/amelia-beautyartist.es\/wp-content\/uploads\/2025\/04\/Facetune_08-03-2025-17-56-21-1014x1536.jpg 1014w, https:\/\/amelia-beautyartist.es\/wp-content\/uploads\/2025\/04\/Facetune_08-03-2025-17-56-21-1352x2048.jpg 1352w\" sizes=\"(max-width: 1690px) 100vw, 1690px\" \/>\t\t\t\t\t\t\t\t\t\t\t\t\t\t\t<\/div>\n\t\t\t\t<\/div>\n\t\t\t\t<div class=\"elementor-element elementor-element-23fbe264 elementor-widget__width-initial elementor-widget elementor-widget-image\" data-id=\"23fbe264\" data-element_type=\"widget\" data-e-type=\"widget\" data-widget_type=\"image.default\">\n\t\t\t\t<div class=\"elementor-widget-container\">\n\t\t\t\t\t\t\t\t\t\t\t\t\t\t\t<img loading=\"lazy\" decoding=\"async\" width=\"1785\" height=\"2560\" src=\"https:\/\/amelia-beautyartist.es\/wp-content\/uploads\/2025\/04\/Facetune_08-03-2025-17-52-21-scaled.jpg\" class=\"attachment-full size-full wp-image-333\" alt=\"\" srcset=\"https:\/\/amelia-beautyartist.es\/wp-content\/uploads\/2025\/04\/Facetune_08-03-2025-17-52-21-scaled.jpg 1785w, https:\/\/amelia-beautyartist.es\/wp-content\/uploads\/2025\/04\/Facetune_08-03-2025-17-52-21-209x300.jpg 209w, https:\/\/amelia-beautyartist.es\/wp-content\/uploads\/2025\/04\/Facetune_08-03-2025-17-52-21-714x1024.jpg 714w, https:\/\/amelia-beautyartist.es\/wp-content\/uploads\/2025\/04\/Facetune_08-03-2025-17-52-21-768x1101.jpg 768w, https:\/\/amelia-beautyartist.es\/wp-content\/uploads\/2025\/04\/Facetune_08-03-2025-17-52-21-1071x1536.jpg 1071w, https:\/\/amelia-beautyartist.es\/wp-content\/uploads\/2025\/04\/Facetune_08-03-2025-17-52-21-1428x2048.jpg 1428w\" sizes=\"(max-width: 1785px) 100vw, 1785px\" \/>\t\t\t\t\t\t\t\t\t\t\t\t\t\t\t<\/div>\n\t\t\t\t<\/div>\n\t\t\t\t<\/div>\n\t\t<div class=\"elementor-element elementor-element-1d7fbcb4 e-con-full e-flex e-con e-child\" data-id=\"1d7fbcb4\" data-element_type=\"container\" data-e-type=\"container\">\n\t\t\t\t<div class=\"elementor-element elementor-element-487ef370 elementor-widget elementor-widget-heading\" data-id=\"487ef370\" data-element_type=\"widget\" data-e-type=\"widget\" data-widget_type=\"heading.default\">\n\t\t\t\t<div class=\"elementor-widget-container\">\n\t\t\t\t\t<div class=\"elementor-heading-title elementor-size-default\">\u00bfTienes dudas?<\/div>\t\t\t\t<\/div>\n\t\t\t\t<\/div>\n\t\t\t\t<div class=\"elementor-element elementor-element-3ce24036 elementor-widget elementor-widget-heading\" data-id=\"3ce24036\" data-element_type=\"widget\" data-e-type=\"widget\" data-widget_type=\"heading.default\">\n\t\t\t\t<div class=\"elementor-widget-container\">\n\t\t\t\t\t<h2 class=\"elementor-heading-title elementor-size-default\">Estoy aqu\u00ed para aclararlas todas tus dudas<\/h2>\t\t\t\t<\/div>\n\t\t\t\t<\/div>\n\t\t\t\t<div class=\"elementor-element elementor-element-163f049c elementor-widget elementor-widget-heading\" data-id=\"163f049c\" data-element_type=\"widget\" data-e-type=\"widget\" data-widget_type=\"heading.default\">\n\t\t\t\t<div class=\"elementor-widget-container\">\n\t\t\t\t\t<div class=\"elementor-heading-title elementor-size-default\">Cada servicio est\u00e1 pensado para adaptarse a ti. Aqu\u00ed te dejo respuesta a las preguntas m\u00e1s comunes que recibo:<\/div>\t\t\t\t<\/div>\n\t\t\t\t<\/div>\n\t\t\t\t<div class=\"elementor-element elementor-element-4762d3c4 elementor-widget elementor-widget-elementskit-accordion\" data-id=\"4762d3c4\" data-element_type=\"widget\" data-e-type=\"widget\" data-widget_type=\"elementskit-accordion.default\">\n\t\t\t\t<div class=\"elementor-widget-container\">\n\t\t\t\t\t<div class=\"ekit-wid-con\" >\n        <div class=\"elementskit-accordion floating-style\" id=\"accordion-69f26adce9ad7\">\n\n            \n                <div class=\"elementskit-card \">\n                    <div class=\"elementskit-card-header\" id=\"primaryHeading-0-4762d3c4\">\n                        <a href=\"#collapse-fa361cd69f26adce9ad7\" class=\"ekit-accordion--toggler elementskit-btn-link collapsed\" data-ekit-toggle=\"collapse\" data-target=\"#Collapse-fa361cd69f26adce9ad7\" aria-expanded=\"false\" aria-controls=\"Collapse-fa361cd69f26adce9ad7\">\n                                                            <div class=\"ekit_accordion_icon_left_group\">\n                                    <div class=\"ekit_accordion_normal_icon\">\n                                        <!-- Normal Icon -->\n                                        <i class=\"icon icon-tick\"><\/i>                                    <\/div>\n\n                                    <div class=\"ekit_accordion_active_icon\">\n                                        <!-- Active Icon -->\n\t\t\t\t\t\t\t\t\t\t<i class=\"icon icon-tick\"><\/i>                                    <\/div>\n                                <\/div>\n\n                            \n                            <span class=\"ekit-accordion-title\">Disponibilidad de d\u00edas<\/span>\n\n                            \n                                                    <\/a>\n                    <\/div>\n\n                    <div id=\"Collapse-fa361cd69f26adce9ad7\" class=\" collapse\" aria-labelledby=\"primaryHeading-0-4762d3c4\" data-parent=\"#accordion-69f26adce9ad7\">\n\n                        <div class=\"elementskit-card-body ekit-accordion--content\">\n                            <p>Te recomiendo reservar con la mayor antelaci\u00f3n posible, especialmente en temporada alta de bodas (abril a octubre). Aun as\u00ed, siempre puedes consultarme para ver si tengo disponibilidad en la fecha que deseas.<\/p>                        <\/div>\n\n                    <\/div>\n\n                <\/div><!-- .elementskit-card END -->\n\n                \n                <div class=\"elementskit-card \">\n                    <div class=\"elementskit-card-header\" id=\"primaryHeading-1-4762d3c4\">\n                        <a href=\"#collapse-0f7f57169f26adce9ad7\" class=\"ekit-accordion--toggler elementskit-btn-link collapsed\" data-ekit-toggle=\"collapse\" data-target=\"#Collapse-0f7f57169f26adce9ad7\" aria-expanded=\"false\" aria-controls=\"Collapse-0f7f57169f26adce9ad7\">\n                                                            <div class=\"ekit_accordion_icon_left_group\">\n                                    <div class=\"ekit_accordion_normal_icon\">\n                                        <!-- Normal Icon -->\n                                        <i class=\"icon icon-tick\"><\/i>                                    <\/div>\n\n                                    <div class=\"ekit_accordion_active_icon\">\n                                        <!-- Active Icon -->\n\t\t\t\t\t\t\t\t\t\t<i class=\"icon icon-tick\"><\/i>                                    <\/div>\n                                <\/div>\n\n                            \n                            <span class=\"ekit-accordion-title\">Precios de maquillajes y cursos<\/span>\n\n                            \n                                                    <\/a>\n                    <\/div>\n\n                    <div id=\"Collapse-0f7f57169f26adce9ad7\" class=\" collapse\" aria-labelledby=\"primaryHeading-1-4762d3c4\" data-parent=\"#accordion-69f26adce9ad7\">\n\n                        <div class=\"elementskit-card-body ekit-accordion--content\">\n                            <p class=\"\">Los precios var\u00edan seg\u00fan el tipo de servicio:<\/p><ul><li class=\"\"><p class=\"\"><strong>Maquillaje de novia<\/strong>: incluye prueba, asesoramiento y maquillaje el d\u00eda del evento.<\/p><\/li><li class=\"\"><p class=\"\"><strong>Invitadas, madrinas, sesiones, etc.<\/strong>: tarifas adaptadas seg\u00fan la ocasi\u00f3n.<\/p><\/li><li class=\"\"><p class=\"\"><strong>Cursos de automaquillaje<\/strong>: disponibles en formato individual o grupal.<br \/>Escr\u00edbeme y te enviar\u00e9 un dossier completo con toda la informaci\u00f3n.<\/p><\/li><\/ul>                        <\/div>\n\n                    <\/div>\n\n                <\/div><!-- .elementskit-card END -->\n\n                \n                <div class=\"elementskit-card \">\n                    <div class=\"elementskit-card-header\" id=\"primaryHeading-2-4762d3c4\">\n                        <a href=\"#collapse-e2f4fbf69f26adce9ad7\" class=\"ekit-accordion--toggler elementskit-btn-link collapsed\" data-ekit-toggle=\"collapse\" data-target=\"#Collapse-e2f4fbf69f26adce9ad7\" aria-expanded=\"false\" aria-controls=\"Collapse-e2f4fbf69f26adce9ad7\">\n                                                            <div class=\"ekit_accordion_icon_left_group\">\n                                    <div class=\"ekit_accordion_normal_icon\">\n                                        <!-- Normal Icon -->\n                                        <i class=\"icon icon-tick\"><\/i>                                    <\/div>\n\n                                    <div class=\"ekit_accordion_active_icon\">\n                                        <!-- Active Icon -->\n\t\t\t\t\t\t\t\t\t\t<i class=\"icon icon-tick\"><\/i>                                    <\/div>\n                                <\/div>\n\n                            \n                            <span class=\"ekit-accordion-title\">Formas de pago disponibles<\/span>\n\n                            \n                                                    <\/a>\n                    <\/div>\n\n                    <div id=\"Collapse-e2f4fbf69f26adce9ad7\" class=\" collapse\" aria-labelledby=\"primaryHeading-2-4762d3c4\" data-parent=\"#accordion-69f26adce9ad7\">\n\n                        <div class=\"elementskit-card-body ekit-accordion--content\">\n                            <p>Puedes realizar el pago mediante <strong>Bizum, transferencia bancaria o efectivo<\/strong>. Para servicios de novia, se solicita una se\u00f1al para asegurar tu fecha y el resto se abona el d\u00eda del evento.<\/p>                        <\/div>\n\n                    <\/div>\n\n                <\/div><!-- .elementskit-card END -->\n\n                \n                <div class=\"elementskit-card \">\n                    <div class=\"elementskit-card-header\" id=\"primaryHeading-3-4762d3c4\">\n                        <a href=\"#collapse-fcf618269f26adce9ad7\" class=\"ekit-accordion--toggler elementskit-btn-link collapsed\" data-ekit-toggle=\"collapse\" data-target=\"#Collapse-fcf618269f26adce9ad7\" aria-expanded=\"false\" aria-controls=\"Collapse-fcf618269f26adce9ad7\">\n                                                            <div class=\"ekit_accordion_icon_left_group\">\n                                    <div class=\"ekit_accordion_normal_icon\">\n                                        <!-- Normal Icon -->\n                                        <i class=\"icon icon-tick\"><\/i>                                    <\/div>\n\n                                    <div class=\"ekit_accordion_active_icon\">\n                                        <!-- Active Icon -->\n\t\t\t\t\t\t\t\t\t\t<i class=\"icon icon-tick\"><\/i>                                    <\/div>\n                                <\/div>\n\n                            \n                            <span class=\"ekit-accordion-title\">\u00bfCon cuanta antelaci\u00f3n debo coger una fecha de maquillaje de novia?<\/span>\n\n                            \n                                                    <\/a>\n                    <\/div>\n\n                    <div id=\"Collapse-fcf618269f26adce9ad7\" class=\" collapse\" aria-labelledby=\"primaryHeading-3-4762d3c4\" data-parent=\"#accordion-69f26adce9ad7\">\n\n                        <div class=\"elementskit-card-body ekit-accordion--content\">\n                            <p>Lo ideal es reservar <strong>entre 6 y 12 meses antes<\/strong> de la boda. Esto permite realizar la prueba con calma, organizar detalles y garantizar disponibilidad. Si tu boda es en temporada baja o entre semana, podemos agendar con menos margen.<\/p>                        <\/div>\n\n                    <\/div>\n\n                <\/div><!-- .elementskit-card END -->\n\n                                        <\/div>\n    <\/div>\t\t\t\t<\/div>\n\t\t\t\t<\/div>\n\t\t\t\t<div class=\"elementor-element elementor-element-15e642b elementor-tablet-align-left elementor-mobile-align-center elementor-widget elementor-widget-button\" data-id=\"15e642b\" data-element_type=\"widget\" data-e-type=\"widget\" data-widget_type=\"button.default\">\n\t\t\t\t<div class=\"elementor-widget-container\">\n\t\t\t\t\t\t\t\t\t<div class=\"elementor-button-wrapper\">\n\t\t\t\t\t<a class=\"elementor-button elementor-button-link elementor-size-sm\" href=\"https:\/\/amelia-beautyartist.es\/preguntas-frecuentes\/\">\n\t\t\t\t\t\t<span class=\"elementor-button-content-wrapper\">\n\t\t\t\t\t\t<span class=\"elementor-button-icon\">\n\t\t\t\t<i aria-hidden=\"true\" class=\" arrow_right\"><\/i>\t\t\t<\/span>\n\t\t\t\t\t\t\t\t\t<span class=\"elementor-button-text\">\u00bfM\u00e1s dudas? ve aqu\u00ed<\/span>\n\t\t\t\t\t<\/span>\n\t\t\t\t\t<\/a>\n\t\t\t\t<\/div>\n\t\t\t\t\t\t\t\t<\/div>\n\t\t\t\t<\/div>\n\t\t\t\t<\/div>\n\t\t\t\t\t<\/div>\n\t\t\t\t<\/div>\n\t\t<div class=\"elementor-element elementor-element-6641eb49 e-flex e-con-boxed e-con e-parent\" data-id=\"6641eb49\" data-element_type=\"container\" data-e-type=\"container\" data-settings=\"{&quot;background_background&quot;:&quot;classic&quot;}\">\n\t\t\t\t\t<div class=\"e-con-inner\">\n\t\t<div class=\"elementor-element elementor-element-4ecf753a e-con-full e-flex e-con e-child\" data-id=\"4ecf753a\" data-element_type=\"container\" data-e-type=\"container\" data-settings=\"{&quot;background_background&quot;:&quot;classic&quot;}\">\n\t\t\t\t<div class=\"elementor-element elementor-element-1ee48c58 elementor-widget elementor-widget-text-editor\" data-id=\"1ee48c58\" data-element_type=\"widget\" data-e-type=\"widget\" data-widget_type=\"text-editor.default\">\n\t\t\t\t<div class=\"elementor-widget-container\">\n\t\t\t\t\t\t\t\t\t<p>Cada mujer merece un momento solo para ella, para brillar, para verse y sentirse espectacular. Estoy aqu\u00ed para ayudarte a lograrlo, ya sea en tu gran d\u00eda o en cualquier ocasi\u00f3n especial.<\/p><p><em><strong>Gracias por llegar hasta aqu\u00ed.\u00a0<\/strong><\/em><\/p>\t\t\t\t\t\t\t\t<\/div>\n\t\t\t\t<\/div>\n\t\t\t\t<div class=\"elementor-element elementor-element-3f9d2fba elementor-widget elementor-widget-heading\" data-id=\"3f9d2fba\" data-element_type=\"widget\" data-e-type=\"widget\" data-widget_type=\"heading.default\">\n\t\t\t\t<div class=\"elementor-widget-container\">\n\t\t\t\t\t<h2 class=\"elementor-heading-title elementor-size-default\">\u00bfAgendamos tu cita?<\/h2>\t\t\t\t<\/div>\n\t\t\t\t<\/div>\n\t\t\t\t<\/div>\n\t\t\t\t\t<\/div>\n\t\t\t\t<\/div>\n\t\t<div class=\"elementor-element elementor-element-5d1fc431 e-flex e-con-boxed e-con e-parent\" data-id=\"5d1fc431\" data-element_type=\"container\" data-e-type=\"container\">\n\t\t\t\t\t<div class=\"e-con-inner\">\n\t\t<div class=\"elementor-element elementor-element-1b9f1958 e-con-full e-flex e-con e-child\" data-id=\"1b9f1958\" data-element_type=\"container\" data-e-type=\"container\" data-settings=\"{&quot;background_background&quot;:&quot;classic&quot;}\">\n\t\t\t\t<div class=\"elementor-element elementor-element-1c6dfea6 elementor-widget elementor-widget-heading\" data-id=\"1c6dfea6\" data-element_type=\"widget\" data-e-type=\"widget\" data-widget_type=\"heading.default\">\n\t\t\t\t<div class=\"elementor-widget-container\">\n\t\t\t\t\t<div class=\"elementor-heading-title elementor-size-default\">Tengamos un encuentro<\/div>\t\t\t\t<\/div>\n\t\t\t\t<\/div>\n\t\t\t\t<div class=\"elementor-element elementor-element-2d9ad73c elementor-widget elementor-widget-heading\" data-id=\"2d9ad73c\" data-element_type=\"widget\" data-e-type=\"widget\" data-widget_type=\"heading.default\">\n\t\t\t\t<div class=\"elementor-widget-container\">\n\t\t\t\t\t<h2 class=\"elementor-heading-title elementor-size-default\">Agenda tu cita y cu\u00e9ntame todo lo que necesitas<\/h2>\t\t\t\t<\/div>\n\t\t\t\t<\/div>\n\t\t\t\t<div class=\"elementor-element elementor-element-24ea1ce4 elementor-widget elementor-widget-heading\" data-id=\"24ea1ce4\" data-element_type=\"widget\" data-e-type=\"widget\" data-widget_type=\"heading.default\">\n\t\t\t\t<div class=\"elementor-widget-container\">\n\t\t\t\t\t<p class=\"elementor-heading-title elementor-size-default\">\u00bfEst\u00e1s organizando un evento especial y quieres sentirte espectacular?\nRellena el formulario y te responder\u00e9 lo antes posible con la informaci\u00f3n y disponibilidad personalizada.<\/p>\t\t\t\t<\/div>\n\t\t\t\t<\/div>\n\t\t\t\t<div class=\"elementor-element elementor-element-28891a86 elementor-widget-divider--view-line elementor-widget elementor-widget-divider\" data-id=\"28891a86\" data-element_type=\"widget\" data-e-type=\"widget\" data-widget_type=\"divider.default\">\n\t\t\t\t<div class=\"elementor-widget-container\">\n\t\t\t\t\t\t\t<div class=\"elementor-divider\">\n\t\t\t<span class=\"elementor-divider-separator\">\n\t\t\t\t\t\t<\/span>\n\t\t<\/div>\n\t\t\t\t\t\t<\/div>\n\t\t\t\t<\/div>\n\t\t\t\t<\/div>\n\t\t<div class=\"elementor-element elementor-element-7083b981 e-con-full e-flex e-con e-child\" data-id=\"7083b981\" data-element_type=\"container\" data-e-type=\"container\">\n\t\t<div class=\"elementor-element elementor-element-3c41119 e-con-full e-flex e-con e-child\" data-id=\"3c41119\" data-element_type=\"container\" data-e-type=\"container\" data-settings=\"{&quot;background_background&quot;:&quot;classic&quot;}\">\n\t\t\t\t<div class=\"elementor-element elementor-element-1cca70fa elementor-widget elementor-widget-heading\" data-id=\"1cca70fa\" data-element_type=\"widget\" data-e-type=\"widget\" data-widget_type=\"heading.default\">\n\t\t\t\t<div class=\"elementor-widget-container\">\n\t\t\t\t\t<h3 class=\"elementor-heading-title elementor-size-default\">Cont\u00e1ctemos<\/h3>\t\t\t\t<\/div>\n\t\t\t\t<\/div>\n\t\t\t\t<div class=\"elementor-element elementor-element-512ecd16 elementor-button-align-stretch elementor-widget elementor-widget-form\" data-id=\"512ecd16\" data-element_type=\"widget\" data-e-type=\"widget\" data-settings=\"{&quot;step_next_label&quot;:&quot;Next&quot;,&quot;step_previous_label&quot;:&quot;Previous&quot;,&quot;step_type&quot;:&quot;none&quot;,&quot;button_width&quot;:&quot;100&quot;,&quot;step_icon_shape&quot;:&quot;circle&quot;}\" data-widget_type=\"form.default\">\n\t\t\t\t<div class=\"elementor-widget-container\">\n\t\t\t\t\t\t\t<form class=\"elementor-form\" method=\"post\" name=\"Formulario Web\" aria-label=\"Formulario Web\">\n\t\t\t<input type=\"hidden\" name=\"post_id\" value=\"101\"\/>\n\t\t\t<input type=\"hidden\" name=\"form_id\" value=\"512ecd16\"\/>\n\t\t\t<input type=\"hidden\" name=\"referer_title\" value=\"Amelia Cuadros | Maquilladora Profesional en Priego de C\u00f3rdoba\" \/>\n\n\t\t\t\t\t\t\t<input type=\"hidden\" name=\"queried_id\" value=\"101\"\/>\n\t\t\t\n\t\t\t<div class=\"elementor-form-fields-wrapper elementor-labels-above\">\n\t\t\t\t\t\t\t\t<div class=\"elementor-field-type-text elementor-field-group elementor-column elementor-field-group-name elementor-col-50\">\n\t\t\t\t\t\t\t\t\t\t\t\t<label for=\"form-field-name\" class=\"elementor-field-label\">\n\t\t\t\t\t\t\t\tNombre y Apellido\t\t\t\t\t\t\t<\/label>\n\t\t\t\t\t\t\t\t\t\t\t\t\t\t<input size=\"1\" type=\"text\" name=\"form_fields[name]\" id=\"form-field-name\" class=\"elementor-field elementor-size-sm  elementor-field-textual\" placeholder=\"Escribe aqui...\">\n\t\t\t\t\t\t\t\t\t\t\t<\/div>\n\t\t\t\t\t\t\t\t<div class=\"elementor-field-type-number elementor-field-group elementor-column elementor-field-group-email elementor-col-50 elementor-field-required\">\n\t\t\t\t\t\t\t\t\t\t\t\t<label for=\"form-field-email\" class=\"elementor-field-label\">\n\t\t\t\t\t\t\t\tM\u00f3vil\t\t\t\t\t\t\t<\/label>\n\t\t\t\t\t\t\t\t\t<input type=\"number\" name=\"form_fields[email]\" id=\"form-field-email\" class=\"elementor-field elementor-size-sm  elementor-field-textual\" placeholder=\"Escribe aqui...\" required=\"required\" min=\"\" max=\"\" >\n\t\t\t\t\t\t<\/div>\n\t\t\t\t\t\t\t\t<div class=\"elementor-field-type-email elementor-field-group elementor-column elementor-field-group-field_e851835 elementor-col-50 elementor-field-required\">\n\t\t\t\t\t\t\t\t\t\t\t\t<label for=\"form-field-field_e851835\" class=\"elementor-field-label\">\n\t\t\t\t\t\t\t\tEmail\t\t\t\t\t\t\t<\/label>\n\t\t\t\t\t\t\t\t\t\t\t\t\t\t<input size=\"1\" type=\"email\" name=\"form_fields[field_e851835]\" id=\"form-field-field_e851835\" class=\"elementor-field elementor-size-sm  elementor-field-textual\" placeholder=\"Escribe aqui...\" required=\"required\">\n\t\t\t\t\t\t\t\t\t\t\t<\/div>\n\t\t\t\t\t\t\t\t<div class=\"elementor-field-type-number elementor-field-group elementor-column elementor-field-group-field_cef622a elementor-col-50\">\n\t\t\t\t\t\t\t\t\t\t\t\t<label for=\"form-field-field_cef622a\" class=\"elementor-field-label\">\n\t\t\t\t\t\t\t\t\u00bfQue edad tienes?\t\t\t\t\t\t\t<\/label>\n\t\t\t\t\t\t\t\t\t<input type=\"number\" name=\"form_fields[field_cef622a]\" id=\"form-field-field_cef622a\" class=\"elementor-field elementor-size-sm  elementor-field-textual\" placeholder=\"Escribe aqui...\" min=\"\" max=\"\" >\n\t\t\t\t\t\t<\/div>\n\t\t\t\t\t\t\t\t<div class=\"elementor-field-type-text elementor-field-group elementor-column elementor-field-group-field_f0e2153 elementor-col-50\">\n\t\t\t\t\t\t\t\t\t\t\t\t<label for=\"form-field-field_f0e2153\" class=\"elementor-field-label\">\n\t\t\t\t\t\t\t\t\u00bfQue tipo de evento es?\t\t\t\t\t\t\t<\/label>\n\t\t\t\t\t\t\t\t\t\t\t\t\t\t<input size=\"1\" type=\"text\" name=\"form_fields[field_f0e2153]\" id=\"form-field-field_f0e2153\" class=\"elementor-field elementor-size-sm  elementor-field-textual\" placeholder=\"\u00bfQue tipo de evento es?\">\n\t\t\t\t\t\t\t\t\t\t\t<\/div>\n\t\t\t\t\t\t\t\t<div class=\"elementor-field-type-text elementor-field-group elementor-column elementor-field-group-field_6ba534d elementor-col-50\">\n\t\t\t\t\t\t\t\t\t\t\t\t<label for=\"form-field-field_6ba534d\" class=\"elementor-field-label\">\n\t\t\t\t\t\t\t\tLugar del evento\t\t\t\t\t\t\t<\/label>\n\t\t\t\t\t\t\t\t\t\t\t\t\t\t<input size=\"1\" type=\"text\" name=\"form_fields[field_6ba534d]\" id=\"form-field-field_6ba534d\" class=\"elementor-field elementor-size-sm  elementor-field-textual\" placeholder=\"Escribe aqui...\">\n\t\t\t\t\t\t\t\t\t\t\t<\/div>\n\t\t\t\t\t\t\t\t<div class=\"elementor-field-type-date elementor-field-group elementor-column elementor-field-group-field_65c3ab5 elementor-col-50 elementor-field-required\">\n\t\t\t\t\t\t\t\t\t\t\t\t<label for=\"form-field-field_65c3ab5\" class=\"elementor-field-label\">\n\t\t\t\t\t\t\t\t\u00bfCuando es el evento?\t\t\t\t\t\t\t<\/label>\n\t\t\t\t\t\t\n\t\t<input type=\"date\" name=\"form_fields[field_65c3ab5]\" id=\"form-field-field_65c3ab5\" class=\"elementor-field elementor-size-sm  elementor-field-textual elementor-date-field elementor-use-native\" required=\"required\" pattern=\"[0-9]{4}-[0-9]{2}-[0-9]{2}\">\n\t\t\t\t\t\t<\/div>\n\t\t\t\t\t\t\t\t<div class=\"elementor-field-type-time elementor-field-group elementor-column elementor-field-group-field_21021d6 elementor-col-50 elementor-field-required\">\n\t\t\t\t\t\t\t\t\t\t\t\t<label for=\"form-field-field_21021d6\" class=\"elementor-field-label\">\n\t\t\t\t\t\t\t\tHora del evento\t\t\t\t\t\t\t<\/label>\n\t\t\t\t\t\t\t\t<input type=\"time\" name=\"form_fields[field_21021d6]\" id=\"form-field-field_21021d6\" class=\"elementor-field elementor-size-sm  elementor-field-textual elementor-time-field elementor-use-native\" required=\"required\">\n\t\t\t\t\t\t<\/div>\n\t\t\t\t\t\t\t\t<div class=\"elementor-field-type-select elementor-field-group elementor-column elementor-field-group-field_9d6db28 elementor-col-40 elementor-field-required\">\n\t\t\t\t\t\t\t\t\t\t\t\t<label for=\"form-field-field_9d6db28\" class=\"elementor-field-label\">\n\t\t\t\t\t\t\t\t\u00bfQu\u00e9 te preocupa m\u00e1s de tu rostro?\t\t\t\t\t\t\t<\/label>\n\t\t\t\t\t\t\t\t<div class=\"elementor-field elementor-select-wrapper remove-before \">\n\t\t\t<div class=\"select-caret-down-wrapper\">\n\t\t\t\t<svg aria-hidden=\"true\" class=\"e-font-icon-svg e-eicon-caret-down\" viewBox=\"0 0 571.4 571.4\" xmlns=\"http:\/\/www.w3.org\/2000\/svg\"><path d=\"M571 393Q571 407 561 418L311 668Q300 679 286 679T261 668L11 418Q0 407 0 393T11 368 36 357H536Q550 357 561 368T571 393Z\"><\/path><\/svg>\t\t\t<\/div>\n\t\t\t<select name=\"form_fields[field_9d6db28]\" id=\"form-field-field_9d6db28\" class=\"elementor-field-textual elementor-size-sm\" required=\"required\">\n\t\t\t\t\t\t\t\t\t<option value=\"Ojeras \">Ojeras <\/option>\n\t\t\t\t\t\t\t\t\t<option value=\"Arrugas de expresi\u00f3n\">Arrugas de expresi\u00f3n<\/option>\n\t\t\t\t\t\t\t\t\t<option value=\"Marcas de Acn\u00e9\">Marcas de Acn\u00e9<\/option>\n\t\t\t\t\t\t\t\t\t<option value=\"Otras\">Otras<\/option>\n\t\t\t\t\t\t\t<\/select>\n\t\t<\/div>\n\t\t\t\t\t\t<\/div>\n\t\t\t\t\t\t\t\t<div class=\"elementor-field-type-text elementor-field-group elementor-column elementor-field-group-field_f45c4f3 elementor-col-60\">\n\t\t\t\t\t\t\t\t\t\t\t\t<label for=\"form-field-field_f45c4f3\" class=\"elementor-field-label\">\n\t\t\t\t\t\t\t\t\u00bfNecesitas pruebas de maquillaje?\t\t\t\t\t\t\t<\/label>\n\t\t\t\t\t\t\t\t\t\t\t\t\t\t<input size=\"1\" type=\"text\" name=\"form_fields[field_f45c4f3]\" id=\"form-field-field_f45c4f3\" class=\"elementor-field elementor-size-sm  elementor-field-textual\" placeholder=\"Si o No\">\n\t\t\t\t\t\t\t\t\t\t\t<\/div>\n\t\t\t\t\t\t\t\t<div class=\"elementor-field-type-textarea elementor-field-group elementor-column elementor-field-group-message elementor-col-100\">\n\t\t\t\t\t\t\t\t\t\t\t\t<label for=\"form-field-message\" class=\"elementor-field-label\">\n\t\t\t\t\t\t\t\t\u00bfTienes alguna petici\u00f3n especial? \u00bfTienes m\u00e1s eventos y deseas contratar este servicio? \u00bfDeseas que vaya a tu domicilio a maquillarte? Deja aqu\u00ed la informaci\u00f3n...\t\t\t\t\t\t\t<\/label>\n\t\t\t\t\t\t<textarea class=\"elementor-field-textual elementor-field  elementor-size-sm\" name=\"form_fields[message]\" id=\"form-field-message\" rows=\"3\" placeholder=\"Dejanos saber...\"><\/textarea>\t\t\t\t<\/div>\n\t\t\t\t\t\t\t\t<div class=\"elementor-field-type-recaptcha_v3 elementor-field-group elementor-column elementor-field-group-field_3e8a5da elementor-col-100 recaptcha_v3-inline\">\n\t\t\t\t\t<div class=\"elementor-field\" id=\"form-field-field_3e8a5da\"><div class=\"elementor-g-recaptcha\" data-sitekey=\"6Le8BS4rAAAAAFxx_2jZc4AS3_2KHrBsa6UofvFg\" data-type=\"v3\" data-action=\"Form\" data-badge=\"inline\" data-size=\"invisible\"><\/div><\/div>\t\t\t\t<\/div>\n\t\t\t\t\t\t\t\t<div class=\"elementor-field-group elementor-column elementor-field-type-submit elementor-col-100 e-form__buttons\">\n\t\t\t\t\t<button class=\"elementor-button elementor-size-sm\" type=\"submit\">\n\t\t\t\t\t\t<span class=\"elementor-button-content-wrapper\">\n\t\t\t\t\t\t\t\t\t\t\t\t\t\t\t\t\t\t\t\t\t\t<span class=\"elementor-button-text\">Enviar<\/span>\n\t\t\t\t\t\t\t\t\t\t\t\t\t<\/span>\n\t\t\t\t\t<\/button>\n\t\t\t\t<\/div>\n\t\t\t<\/div>\n\t\t<\/form>\n\t\t\t\t\t\t<\/div>\n\t\t\t\t<\/div>\n\t\t\t\t<\/div>\n\t\t\t\t<\/div>\n\t\t\t\t\t<\/div>\n\t\t\t\t<\/div>\n\t\t\t\t<\/div>\n\t\t","protected":false},"excerpt":{"rendered":"<p>Descubre los mejores servicios de maquillaje profesional y personalizado en Priego de C\u00f3rdoba Dirigido por Amelia Cuadros, maquilladora profesional. Mi especialidad es resaltar tu belleza natural a trav\u00e9s de un maquillaje \u00fanico y adaptado a tus necesidades, ideal para cualquier evento. \u00bfQuieres saber m\u00e1s? Servicios de Maquillaje Profesional Ofrezco una variedad de servicios de maquillaje [&hellip;]<\/p>\n","protected":false},"author":1,"featured_media":350,"parent":0,"menu_order":0,"comment_status":"closed","ping_status":"closed","template":"elementor_header_footer","meta":{"footnotes":""},"class_list":["post-101","page","type-page","status-publish","has-post-thumbnail","hentry"],"yoast_head":"<!-- This site is optimized with the Yoast SEO plugin v27.5 - https:\/\/yoast.com\/product\/yoast-seo-wordpress\/ -->\n<title>Amelia Cuadros | Maquilladora Profesional en Priego de C\u00f3rdoba<\/title>\n<meta name=\"description\" content=\"Maquillaje profesional de Amelia Beauty Artist en Priego de C\u00f3rdoba, Maquillaje para bodas, eventos y sesiones fotogr\u00e1ficas. \u00a1Agenda tu cita hoy!\" \/>\n<meta name=\"robots\" content=\"index, follow, max-snippet:-1, max-image-preview:large, max-video-preview:-1\" \/>\n<link rel=\"canonical\" href=\"https:\/\/amelia-beautyartist.es\/en\/\" \/>\n<meta property=\"og:locale\" content=\"en_GB\" \/>\n<meta property=\"og:type\" content=\"article\" \/>\n<meta property=\"og:title\" content=\"Descubre los servicios de Maquillaje profesional de Amelia Beauty Artist\" \/>\n<meta property=\"og:description\" content=\"Maquillaje profesional de Amelia Beauty Artist en Priego de C\u00f3rdoba, Maquillaje para bodas, eventos y sesiones fotogr\u00e1ficas. \u00a1Agenda tu cita hoy!\" \/>\n<meta property=\"og:url\" content=\"https:\/\/amelia-beautyartist.es\/en\/\" \/>\n<meta property=\"og:site_name\" content=\"Amelia Cuadros | Maquilladora profesional en Priego de C\u00f3rdoba\" \/>\n<meta property=\"article:modified_time\" content=\"2025-06-11T11:03:43+00:00\" \/>\n<meta property=\"og:image\" content=\"https:\/\/amelia-beautyartist.es\/wp-content\/uploads\/2025\/04\/slide02.jpg\" \/>\n\t<meta property=\"og:image:width\" content=\"1920\" \/>\n\t<meta property=\"og:image:height\" content=\"1080\" \/>\n\t<meta property=\"og:image:type\" content=\"image\/jpeg\" \/>\n<meta name=\"twitter:card\" content=\"summary_large_image\" \/>\n<meta name=\"twitter:title\" content=\"Descubre los servicios de Maquillaje profesional de Amelia Beauty Artist\" \/>\n<meta name=\"twitter:image\" content=\"https:\/\/amelia-beautyartist.es\/wp-content\/uploads\/2025\/04\/img01.jpg\" \/>\n<meta name=\"twitter:label1\" content=\"Estimated reading time\" \/>\n\t<meta name=\"twitter:data1\" content=\"4 minutes\" \/>\n<script type=\"application\/ld+json\" class=\"yoast-schema-graph\">{\"@context\":\"https:\\\/\\\/schema.org\",\"@graph\":[{\"@type\":\"WebPage\",\"@id\":\"https:\\\/\\\/amelia-beautyartist.es\\\/\",\"url\":\"https:\\\/\\\/amelia-beautyartist.es\\\/\",\"name\":\"Amelia Cuadros | Maquilladora Profesional en Priego de C\u00f3rdoba\",\"isPartOf\":{\"@id\":\"https:\\\/\\\/amelia-beautyartist.es\\\/#website\"},\"primaryImageOfPage\":{\"@id\":\"https:\\\/\\\/amelia-beautyartist.es\\\/#primaryimage\"},\"image\":{\"@id\":\"https:\\\/\\\/amelia-beautyartist.es\\\/#primaryimage\"},\"thumbnailUrl\":\"https:\\\/\\\/amelia-beautyartist.es\\\/wp-content\\\/uploads\\\/2025\\\/04\\\/Facetune_11-07-2024-22-53-08-scaled.jpg\",\"datePublished\":\"2025-04-08T10:43:34+00:00\",\"dateModified\":\"2025-06-11T11:03:43+00:00\",\"description\":\"Maquillaje profesional de Amelia Beauty Artist en Priego de C\u00f3rdoba, Maquillaje para bodas, eventos y sesiones fotogr\u00e1ficas. \u00a1Agenda tu cita hoy!\",\"breadcrumb\":{\"@id\":\"https:\\\/\\\/amelia-beautyartist.es\\\/#breadcrumb\"},\"inLanguage\":\"en-GB\",\"potentialAction\":[{\"@type\":\"ReadAction\",\"target\":[\"https:\\\/\\\/amelia-beautyartist.es\\\/\"]}]},{\"@type\":\"ImageObject\",\"inLanguage\":\"en-GB\",\"@id\":\"https:\\\/\\\/amelia-beautyartist.es\\\/#primaryimage\",\"url\":\"https:\\\/\\\/amelia-beautyartist.es\\\/wp-content\\\/uploads\\\/2025\\\/04\\\/Facetune_11-07-2024-22-53-08-scaled.jpg\",\"contentUrl\":\"https:\\\/\\\/amelia-beautyartist.es\\\/wp-content\\\/uploads\\\/2025\\\/04\\\/Facetune_11-07-2024-22-53-08-scaled.jpg\",\"width\":1639,\"height\":2560},{\"@type\":\"BreadcrumbList\",\"@id\":\"https:\\\/\\\/amelia-beautyartist.es\\\/#breadcrumb\",\"itemListElement\":[{\"@type\":\"ListItem\",\"position\":1,\"name\":\"Portada\",\"item\":\"https:\\\/\\\/amelia-beautyartist.es\\\/\"},{\"@type\":\"ListItem\",\"position\":2,\"name\":\"Home\"}]},{\"@type\":\"WebSite\",\"@id\":\"https:\\\/\\\/amelia-beautyartist.es\\\/#website\",\"url\":\"https:\\\/\\\/amelia-beautyartist.es\\\/\",\"name\":\"Amelia Cuadros | Maquilladora profesional | Maquillaje para bodas | Maquillaje para bautizos y comuniones\",\"description\":\"Servicios profesionales de maquillaje especializados en eventos sociales como bodas, bautizos, comuniones y sesiones fotogr\u00e1ficas\",\"publisher\":{\"@id\":\"https:\\\/\\\/amelia-beautyartist.es\\\/#\\\/schema\\\/person\\\/5e9d0e56857462ff32564e131ac1b37e\"},\"potentialAction\":[{\"@type\":\"SearchAction\",\"target\":{\"@type\":\"EntryPoint\",\"urlTemplate\":\"https:\\\/\\\/amelia-beautyartist.es\\\/?s={search_term_string}\"},\"query-input\":{\"@type\":\"PropertyValueSpecification\",\"valueRequired\":true,\"valueName\":\"search_term_string\"}}],\"inLanguage\":\"en-GB\"},{\"@type\":[\"Person\",\"Organization\"],\"@id\":\"https:\\\/\\\/amelia-beautyartist.es\\\/#\\\/schema\\\/person\\\/5e9d0e56857462ff32564e131ac1b37e\",\"name\":\"ameliacuadros\",\"image\":{\"@type\":\"ImageObject\",\"inLanguage\":\"en-GB\",\"@id\":\"https:\\\/\\\/amelia-beautyartist.es\\\/wp-content\\\/uploads\\\/2025\\\/04\\\/cropped-cropped-IMG_4044.png\",\"url\":\"https:\\\/\\\/amelia-beautyartist.es\\\/wp-content\\\/uploads\\\/2025\\\/04\\\/cropped-cropped-IMG_4044.png\",\"contentUrl\":\"https:\\\/\\\/amelia-beautyartist.es\\\/wp-content\\\/uploads\\\/2025\\\/04\\\/cropped-cropped-IMG_4044.png\",\"width\":428,\"height\":406,\"caption\":\"ameliacuadros\"},\"logo\":{\"@id\":\"https:\\\/\\\/amelia-beautyartist.es\\\/wp-content\\\/uploads\\\/2025\\\/04\\\/cropped-cropped-IMG_4044.png\"},\"sameAs\":[\"https:\\\/\\\/amelia-beautyartist.es\"]}]}<\/script>\n<!-- \/ Yoast SEO plugin. -->","yoast_head_json":{"title":"Amelia Cuadros | Maquilladora Profesional en Priego de C\u00f3rdoba","description":"Maquillaje profesional de Amelia Beauty Artist en Priego de C\u00f3rdoba, Maquillaje para bodas, eventos y sesiones fotogr\u00e1ficas. \u00a1Agenda tu cita hoy!","robots":{"index":"index","follow":"follow","max-snippet":"max-snippet:-1","max-image-preview":"max-image-preview:large","max-video-preview":"max-video-preview:-1"},"canonical":"https:\/\/amelia-beautyartist.es\/en\/","og_locale":"en_GB","og_type":"article","og_title":"Descubre los servicios de Maquillaje profesional de Amelia Beauty Artist","og_description":"Maquillaje profesional de Amelia Beauty Artist en Priego de C\u00f3rdoba, Maquillaje para bodas, eventos y sesiones fotogr\u00e1ficas. \u00a1Agenda tu cita hoy!","og_url":"https:\/\/amelia-beautyartist.es\/en\/","og_site_name":"Amelia Cuadros | Maquilladora profesional en Priego de C\u00f3rdoba","article_modified_time":"2025-06-11T11:03:43+00:00","og_image":[{"width":1920,"height":1080,"url":"https:\/\/amelia-beautyartist.es\/wp-content\/uploads\/2025\/04\/slide02.jpg","type":"image\/jpeg"}],"twitter_card":"summary_large_image","twitter_title":"Descubre los servicios de Maquillaje profesional de Amelia Beauty Artist","twitter_image":"https:\/\/amelia-beautyartist.es\/wp-content\/uploads\/2025\/04\/img01.jpg","twitter_misc":{"Estimated reading time":"4 minutes"},"schema":{"@context":"https:\/\/schema.org","@graph":[{"@type":"WebPage","@id":"https:\/\/amelia-beautyartist.es\/","url":"https:\/\/amelia-beautyartist.es\/","name":"Amelia Cuadros | Maquilladora Profesional en Priego de C\u00f3rdoba","isPartOf":{"@id":"https:\/\/amelia-beautyartist.es\/#website"},"primaryImageOfPage":{"@id":"https:\/\/amelia-beautyartist.es\/#primaryimage"},"image":{"@id":"https:\/\/amelia-beautyartist.es\/#primaryimage"},"thumbnailUrl":"https:\/\/amelia-beautyartist.es\/wp-content\/uploads\/2025\/04\/Facetune_11-07-2024-22-53-08-scaled.jpg","datePublished":"2025-04-08T10:43:34+00:00","dateModified":"2025-06-11T11:03:43+00:00","description":"Maquillaje profesional de Amelia Beauty Artist en Priego de C\u00f3rdoba, Maquillaje para bodas, eventos y sesiones fotogr\u00e1ficas. \u00a1Agenda tu cita hoy!","breadcrumb":{"@id":"https:\/\/amelia-beautyartist.es\/#breadcrumb"},"inLanguage":"en-GB","potentialAction":[{"@type":"ReadAction","target":["https:\/\/amelia-beautyartist.es\/"]}]},{"@type":"ImageObject","inLanguage":"en-GB","@id":"https:\/\/amelia-beautyartist.es\/#primaryimage","url":"https:\/\/amelia-beautyartist.es\/wp-content\/uploads\/2025\/04\/Facetune_11-07-2024-22-53-08-scaled.jpg","contentUrl":"https:\/\/amelia-beautyartist.es\/wp-content\/uploads\/2025\/04\/Facetune_11-07-2024-22-53-08-scaled.jpg","width":1639,"height":2560},{"@type":"BreadcrumbList","@id":"https:\/\/amelia-beautyartist.es\/#breadcrumb","itemListElement":[{"@type":"ListItem","position":1,"name":"Portada","item":"https:\/\/amelia-beautyartist.es\/"},{"@type":"ListItem","position":2,"name":"Home"}]},{"@type":"WebSite","@id":"https:\/\/amelia-beautyartist.es\/#website","url":"https:\/\/amelia-beautyartist.es\/","name":"Amelia Cuadros | Maquilladora profesional | Maquillaje para bodas | Maquillaje para bautizos y comuniones","description":"Servicios profesionales de maquillaje especializados en eventos sociales como bodas, bautizos, comuniones y sesiones fotogr\u00e1ficas","publisher":{"@id":"https:\/\/amelia-beautyartist.es\/#\/schema\/person\/5e9d0e56857462ff32564e131ac1b37e"},"potentialAction":[{"@type":"SearchAction","target":{"@type":"EntryPoint","urlTemplate":"https:\/\/amelia-beautyartist.es\/?s={search_term_string}"},"query-input":{"@type":"PropertyValueSpecification","valueRequired":true,"valueName":"search_term_string"}}],"inLanguage":"en-GB"},{"@type":["Person","Organization"],"@id":"https:\/\/amelia-beautyartist.es\/#\/schema\/person\/5e9d0e56857462ff32564e131ac1b37e","name":"ameliacuadros","image":{"@type":"ImageObject","inLanguage":"en-GB","@id":"https:\/\/amelia-beautyartist.es\/wp-content\/uploads\/2025\/04\/cropped-cropped-IMG_4044.png","url":"https:\/\/amelia-beautyartist.es\/wp-content\/uploads\/2025\/04\/cropped-cropped-IMG_4044.png","contentUrl":"https:\/\/amelia-beautyartist.es\/wp-content\/uploads\/2025\/04\/cropped-cropped-IMG_4044.png","width":428,"height":406,"caption":"ameliacuadros"},"logo":{"@id":"https:\/\/amelia-beautyartist.es\/wp-content\/uploads\/2025\/04\/cropped-cropped-IMG_4044.png"},"sameAs":["https:\/\/amelia-beautyartist.es"]}]}},"_links":{"self":[{"href":"https:\/\/amelia-beautyartist.es\/en\/wp-json\/wp\/v2\/pages\/101","targetHints":{"allow":["GET"]}}],"collection":[{"href":"https:\/\/amelia-beautyartist.es\/en\/wp-json\/wp\/v2\/pages"}],"about":[{"href":"https:\/\/amelia-beautyartist.es\/en\/wp-json\/wp\/v2\/types\/page"}],"author":[{"embeddable":true,"href":"https:\/\/amelia-beautyartist.es\/en\/wp-json\/wp\/v2\/users\/1"}],"replies":[{"embeddable":true,"href":"https:\/\/amelia-beautyartist.es\/en\/wp-json\/wp\/v2\/comments?post=101"}],"version-history":[{"count":196,"href":"https:\/\/amelia-beautyartist.es\/en\/wp-json\/wp\/v2\/pages\/101\/revisions"}],"predecessor-version":[{"id":702,"href":"https:\/\/amelia-beautyartist.es\/en\/wp-json\/wp\/v2\/pages\/101\/revisions\/702"}],"wp:featuredmedia":[{"embeddable":true,"href":"https:\/\/amelia-beautyartist.es\/en\/wp-json\/wp\/v2\/media\/350"}],"wp:attachment":[{"href":"https:\/\/amelia-beautyartist.es\/en\/wp-json\/wp\/v2\/media?parent=101"}],"curies":[{"name":"wp","href":"https:\/\/api.w.org\/{rel}","templated":true}]}}